{"id":295,"date":"2020-05-24T19:37:12","date_gmt":"2020-05-24T19:37:12","guid":{"rendered":"http:\/\/expomont.mbogusz.pl\/?page_id=295"},"modified":"2025-01-26T09:30:08","modified_gmt":"2025-01-26T09:30:08","slug":"indywidualne-stoiska-targowe","status":"publish","type":"page","link":"https:\/\/expomont.pl\/en\/indywidualne-stoiska-targowe\/","title":{"rendered":"Individual stands"},"content":{"rendered":"<h6><strong>What exactly are 'Individual stands'? What do we offer?<\/strong><\/h6>\n<p>Stands of this type allow you to stand out from other exhibitors during the fairs. High quality materials, unusual constructions or nonstandard lighting can attract more visitors.<\/p>\n<p>Individual stands are built both with standard exhibition systems and unconventional materials like wood, metal, PCV and glass. Each time we prepare a unique stall design, it takes into account many factors as: type of the event, on-site conditions and other client requests. We equip stands with full range of furniture, utility items and household goods (fridge, sink). We also offer more unusual elements like nonstandard flooring, on demand furniture, cabinets, counters and many more!&nbsp;<\/p>\n<p>We provide a range of multimedia equipment to use on our stands (TVs, speaker systems, unusual lighting) and implement it during the assembly.<\/p>\n<p>We can take care of both graphic design, as well as production and print. Thanks to our experience with many printing houses in Poland, we can offer many unique and tested advertising solutions (prints on foils, banners, fabrics \u2013 also spatial elements made of PCV and styrodur.<\/p>\n<p class=\" translation-block\">We had a great pleasure to construct stands and exhibitions for many of our clients on countless fairs and congress centers like: <a href=\"https:\/\/www.expokrakow.com\/pl\/\" target=\"_self\">EXPO-KRAK\u00d3W<\/a>, <a href=\"https:\/\/old.exposilesia.pl\/kalendarz\/pl\/\" target=\"_self\">EXPO SILESIA<\/a>, <a href=\"https:\/\/www.targikielce.pl\/strona-glowna\" target=\"_self\">Kielce Fairs<\/a>, <a href=\"https:\/\/warsawexpo.eu\/\" target=\"_self\">Ptak Warsaw EXPO<\/a>, <a href=\"https:\/\/www.expoxxi.pl\/\" target=\"_self\">EXPO XXI<\/a>, <a href=\"https:\/\/www.mtp.pl\/pl\/nasze-lokalizacje\/midzynarodowe-targi-poznaskie\/\" target=\"_self\">International Poznan Fairs, <\/a><a href=\"http:\/\/www.targi.lodz.pl\/\" target=\"_self\">MAKiS<\/a><a href=\"https:\/\/www.mtp.pl\/pl\/nasze-lokalizacje\/midzynarodowe-targi-poznaskie\/\" target=\"_self\">, <\/a><a href=\"http:\/\/icekrakow.pl\/\" target=\"_self\">ICE Krak\u00f3w<\/a> czy <a href=\"https:\/\/www.targi.lublin.pl\/pl\/\" target=\"_self\">Lublin Fairs<\/a>.<\/p>\n<p><strong>From draft to assembly:<\/strong><\/p>\n<p class=\" translation-block\">When we agree on basic terms of cooperation and guidelines concerning the stand, we proceed to design phase. After that we deliver a high quality visualisation allowing you to carefully look over the project from every angle (we use professional <a href=\"https:\/\/www.autodesk.pl\/\" target=\"_self\">CAD<\/a> software and 3D rendering programs like <a href=\"https:\/\/www.cinema4d.pl\/\" target=\"_self\">Cinema4D<\/a>). During this stage you have the possibility to make corrections to your vision. When we agree on a final form of the stand, we proceed to material collection and execution. We always do this within an appropriate time span before the event. The last phase is the assembly \u2013 on a fixed date with the client (after fairs' organiser agreement) we build the stand. After the event we disassemble the construction.<\/p>\n<p>&nbsp;<\/p>\n<h6><strong>Examples of individual stands we designed:<\/strong><\/h6>\n<!-- default-view.php -->\n<div\n\tclass=\"ngg-galleryoverview default-view\"\n\tid=\"ngg-gallery-05a449075c8b3c9f9d05d8f03b51a5d4-1\">\n\n\t\t<!-- Thumbnails -->\n\t\t\t\t<div id=\"ngg-image-0\" class=\"ngg-gallery-thumbnail-box\" >\n\t\t\t\t        <div class=\"ngg-gallery-thumbnail\">\n            <a href=\"https:\/\/expomont.pl\/wp-content\/gallery\/stoiska-indywidualne\/VATECH_2_KRAKDENT_2024.jpg\"\n               title=\"Stoisko VATECH na KRAKDENT 2024\"\n               data-src=\"https:\/\/expomont.pl\/wp-content\/gallery\/stoiska-indywidualne\/VATECH_2_KRAKDENT_2024.jpg\"\n               data-thumbnail=\"https:\/\/expomont.pl\/wp-content\/gallery\/stoiska-indywidualne\/thumbs\/thumbs_VATECH_2_KRAKDENT_2024.jpg\"\n               data-image-id=\"229\"\n               data-title=\"Stoisko VATECH na KRAKDENT 2024\"\n               data-description=\"Stoisko VATECH na KRAKDENT 2024\"\n               data-image-slug=\"vatech_2_krakdent_2024\"\n               class=\"ngg-simplelightbox\" rel=\"05a449075c8b3c9f9d05d8f03b51a5d4\">\n                <img\n                    title=\"Stoisko VATECH na KRAKDENT 2024\"\n                    alt=\"Stoisko VATECH na KRAKDENT 2024\"\n                    src=\"https:\/\/expomont.pl\/wp-content\/gallery\/stoiska-indywidualne\/thumbs\/thumbs_VATECH_2_KRAKDENT_2024.jpg\"\n                    width=\"240\"\n                    height=\"160\"\n                    style=\"max-width:100%;\"\n                \/>\n            <\/a>\n        <\/div>\n\t\t\t\t\t\t\t<\/div> \n\t\t\t\n\t\t\t\t<div id=\"ngg-image-1\" class=\"ngg-gallery-thumbnail-box\" >\n\t\t\t\t        <div class=\"ngg-gallery-thumbnail\">\n            <a href=\"https:\/\/expomont.pl\/wp-content\/gallery\/stoiska-indywidualne\/TIMAC-AGRO_AGROTECH_2024.jpg\"\n               title=\"Stoisko TIMAC AGRO na AGROTECH 2024\"\n               data-src=\"https:\/\/expomont.pl\/wp-content\/gallery\/stoiska-indywidualne\/TIMAC-AGRO_AGROTECH_2024.jpg\"\n               data-thumbnail=\"https:\/\/expomont.pl\/wp-content\/gallery\/stoiska-indywidualne\/thumbs\/thumbs_TIMAC-AGRO_AGROTECH_2024.jpg\"\n               data-image-id=\"230\"\n               data-title=\"Stoisko TIMAC AGRO na AGROTECH 2024\"\n               data-description=\"Stoisko TIMAC AGRO na AGROTECH 2024\"\n               data-image-slug=\"timac-agro_agrotech_2024\"\n               class=\"ngg-simplelightbox\" rel=\"05a449075c8b3c9f9d05d8f03b51a5d4\">\n                <img\n                    title=\"Stoisko TIMAC AGRO na AGROTECH 2024\"\n                    alt=\"Stoisko TIMAC AGRO na AGROTECH 2024\"\n                    src=\"https:\/\/expomont.pl\/wp-content\/gallery\/stoiska-indywidualne\/thumbs\/thumbs_TIMAC-AGRO_AGROTECH_2024.jpg\"\n                    width=\"240\"\n                    height=\"160\"\n                    style=\"max-width:100%;\"\n                \/>\n            <\/a>\n        <\/div>\n\t\t\t\t\t\t\t<\/div> \n\t\t\t\n\t\t\t\t<div id=\"ngg-image-2\" class=\"ngg-gallery-thumbnail-box\" >\n\t\t\t\t        <div class=\"ngg-gallery-thumbnail\">\n            <a href=\"https:\/\/expomont.pl\/wp-content\/gallery\/stoiska-indywidualne\/WH_KRAKDENT_2024.jpg\"\n               title=\"Stoisko W&amp;H na KRAKDENT 2024\"\n               data-src=\"https:\/\/expomont.pl\/wp-content\/gallery\/stoiska-indywidualne\/WH_KRAKDENT_2024.jpg\"\n               data-thumbnail=\"https:\/\/expomont.pl\/wp-content\/gallery\/stoiska-indywidualne\/thumbs\/thumbs_WH_KRAKDENT_2024.jpg\"\n               data-image-id=\"231\"\n               data-title=\"Stoisko W&amp;H na KRAKDENT 2024\"\n               data-description=\"Stoisko W&amp;H na KRAKDENT 2024\"\n               data-image-slug=\"wh_krakdent_2024\"\n               class=\"ngg-simplelightbox\" rel=\"05a449075c8b3c9f9d05d8f03b51a5d4\">\n                <img\n                    title=\"Stoisko W&amp;H na KRAKDENT 2024\"\n                    alt=\"Stoisko W&amp;H na KRAKDENT 2024\"\n                    src=\"https:\/\/expomont.pl\/wp-content\/gallery\/stoiska-indywidualne\/thumbs\/thumbs_WH_KRAKDENT_2024.jpg\"\n                    width=\"240\"\n                    height=\"160\"\n                    style=\"max-width:100%;\"\n                \/>\n            <\/a>\n        <\/div>\n\t\t\t\t\t\t\t<\/div> \n\t\t\t\n\t\t\t\t<div id=\"ngg-image-3\" class=\"ngg-gallery-thumbnail-box\" >\n\t\t\t\t        <div class=\"ngg-gallery-thumbnail\">\n            <a href=\"https:\/\/expomont.pl\/wp-content\/gallery\/stoiska-indywidualne\/TIMAC-AGRO_AGROTECH_2024_1.jpg\"\n               title=\"Stoisko TIMAC AGRO na AGROTECH 2024\"\n               data-src=\"https:\/\/expomont.pl\/wp-content\/gallery\/stoiska-indywidualne\/TIMAC-AGRO_AGROTECH_2024_1.jpg\"\n               data-thumbnail=\"https:\/\/expomont.pl\/wp-content\/gallery\/stoiska-indywidualne\/thumbs\/thumbs_TIMAC-AGRO_AGROTECH_2024_1.jpg\"\n               data-image-id=\"232\"\n               data-title=\"Stoisko TIMAC AGRO na AGROTECH 2024\"\n               data-description=\"Stoisko TIMAC AGRO na AGROTECH 2024\"\n               data-image-slug=\"timac-agro_agrotech_2024_1\"\n               class=\"ngg-simplelightbox\" rel=\"05a449075c8b3c9f9d05d8f03b51a5d4\">\n                <img\n                    title=\"Stoisko TIMAC AGRO na AGROTECH 2024\"\n                    alt=\"Stoisko TIMAC AGRO na AGROTECH 2024\"\n                    src=\"https:\/\/expomont.pl\/wp-content\/gallery\/stoiska-indywidualne\/thumbs\/thumbs_TIMAC-AGRO_AGROTECH_2024_1.jpg\"\n                    width=\"240\"\n                    height=\"160\"\n                    style=\"max-width:100%;\"\n                \/>\n            <\/a>\n        <\/div>\n\t\t\t\t\t\t\t<\/div> \n\t\t\t\n\t\t\t\t<div id=\"ngg-image-4\" class=\"ngg-gallery-thumbnail-box\" >\n\t\t\t\t        <div class=\"ngg-gallery-thumbnail\">\n            <a href=\"https:\/\/expomont.pl\/wp-content\/gallery\/stoiska-indywidualne\/CORTEVA_AGROTECH_2024.jpg\"\n               title=\"Stoisko CORTEVA na AGROTECH 2024\"\n               data-src=\"https:\/\/expomont.pl\/wp-content\/gallery\/stoiska-indywidualne\/CORTEVA_AGROTECH_2024.jpg\"\n               data-thumbnail=\"https:\/\/expomont.pl\/wp-content\/gallery\/stoiska-indywidualne\/thumbs\/thumbs_CORTEVA_AGROTECH_2024.jpg\"\n               data-image-id=\"233\"\n               data-title=\"Stoisko CORTEVA na AGROTECH 2024\"\n               data-description=\"Stoisko CORTEVA na AGROTECH 2024\"\n               data-image-slug=\"corteva_agrotech_2024\"\n               class=\"ngg-simplelightbox\" rel=\"05a449075c8b3c9f9d05d8f03b51a5d4\">\n                <img\n                    title=\"Stoisko CORTEVA na AGROTECH 2024\"\n                    alt=\"Stoisko CORTEVA na AGROTECH 2024\"\n                    src=\"https:\/\/expomont.pl\/wp-content\/gallery\/stoiska-indywidualne\/thumbs\/thumbs_CORTEVA_AGROTECH_2024.jpg\"\n                    width=\"240\"\n                    height=\"160\"\n                    style=\"max-width:100%;\"\n                \/>\n            <\/a>\n        <\/div>\n\t\t\t\t\t\t\t<\/div> \n\t\t\t\n\t\t\t\t<div id=\"ngg-image-5\" class=\"ngg-gallery-thumbnail-box\" >\n\t\t\t\t        <div class=\"ngg-gallery-thumbnail\">\n            <a href=\"https:\/\/expomont.pl\/wp-content\/gallery\/stoiska-indywidualne\/VATECH_KRAKDENT_2024.jpg\"\n               title=\"Stoisko VATECH na KRAKDENT 2024\"\n               data-src=\"https:\/\/expomont.pl\/wp-content\/gallery\/stoiska-indywidualne\/VATECH_KRAKDENT_2024.jpg\"\n               data-thumbnail=\"https:\/\/expomont.pl\/wp-content\/gallery\/stoiska-indywidualne\/thumbs\/thumbs_VATECH_KRAKDENT_2024.jpg\"\n               data-image-id=\"234\"\n               data-title=\"Stoisko VATECH na KRAKDENT 2024\"\n               data-description=\"Stoisko VATECH na KRAKDENT 2024\"\n               data-image-slug=\"vatech_krakdent_2024\"\n               class=\"ngg-simplelightbox\" rel=\"05a449075c8b3c9f9d05d8f03b51a5d4\">\n                <img\n                    title=\"Stoisko VATECH na KRAKDENT 2024\"\n                    alt=\"Stoisko VATECH na KRAKDENT 2024\"\n                    src=\"https:\/\/expomont.pl\/wp-content\/gallery\/stoiska-indywidualne\/thumbs\/thumbs_VATECH_KRAKDENT_2024.jpg\"\n                    width=\"240\"\n                    height=\"160\"\n                    style=\"max-width:100%;\"\n                \/>\n            <\/a>\n        <\/div>\n\t\t\t\t\t\t\t<\/div> \n\t\t\t\n\t\t\t\t<div id=\"ngg-image-6\" class=\"ngg-gallery-thumbnail-box\" >\n\t\t\t\t        <div class=\"ngg-gallery-thumbnail\">\n            <a href=\"https:\/\/expomont.pl\/wp-content\/gallery\/stoiska-indywidualne\/CORTEVA_AGROTECH_2024_1.jpg\"\n               title=\"Stoisko CORTEVA na AGROTECH 2024\"\n               data-src=\"https:\/\/expomont.pl\/wp-content\/gallery\/stoiska-indywidualne\/CORTEVA_AGROTECH_2024_1.jpg\"\n               data-thumbnail=\"https:\/\/expomont.pl\/wp-content\/gallery\/stoiska-indywidualne\/thumbs\/thumbs_CORTEVA_AGROTECH_2024_1.jpg\"\n               data-image-id=\"235\"\n               data-title=\"Stoisko CORTEVA na AGROTECH 2024\"\n               data-description=\"Stoisko CORTEVA na AGROTECH 2024\"\n               data-image-slug=\"corteva_agrotech_2024_1\"\n               class=\"ngg-simplelightbox\" rel=\"05a449075c8b3c9f9d05d8f03b51a5d4\">\n                <img\n                    title=\"Stoisko CORTEVA na AGROTECH 2024\"\n                    alt=\"Stoisko CORTEVA na AGROTECH 2024\"\n                    src=\"https:\/\/expomont.pl\/wp-content\/gallery\/stoiska-indywidualne\/thumbs\/thumbs_CORTEVA_AGROTECH_2024_1.jpg\"\n                    width=\"240\"\n                    height=\"160\"\n                    style=\"max-width:100%;\"\n                \/>\n            <\/a>\n        <\/div>\n\t\t\t\t\t\t\t<\/div> \n\t\t\t\n\t\t\t\t<div id=\"ngg-image-7\" class=\"ngg-gallery-thumbnail-box\" >\n\t\t\t\t        <div class=\"ngg-gallery-thumbnail\">\n            <a href=\"https:\/\/expomont.pl\/wp-content\/gallery\/stoiska-indywidualne\/DEPILEVE_LNE_2023.jpg\"\n               title=\"Stoisko DEPILEVE na LNE 2023\"\n               data-src=\"https:\/\/expomont.pl\/wp-content\/gallery\/stoiska-indywidualne\/DEPILEVE_LNE_2023.jpg\"\n               data-thumbnail=\"https:\/\/expomont.pl\/wp-content\/gallery\/stoiska-indywidualne\/thumbs\/thumbs_DEPILEVE_LNE_2023.jpg\"\n               data-image-id=\"236\"\n               data-title=\"Stoisko DEPILEVE na LNE 2023\"\n               data-description=\"Stoisko DEPILEVE na LNE 2023\"\n               data-image-slug=\"depileve_lne_2023\"\n               class=\"ngg-simplelightbox\" rel=\"05a449075c8b3c9f9d05d8f03b51a5d4\">\n                <img\n                    title=\"Stoisko DEPILEVE na LNE 2023\"\n                    alt=\"Stoisko DEPILEVE na LNE 2023\"\n                    src=\"https:\/\/expomont.pl\/wp-content\/gallery\/stoiska-indywidualne\/thumbs\/thumbs_DEPILEVE_LNE_2023.jpg\"\n                    width=\"240\"\n                    height=\"160\"\n                    style=\"max-width:100%;\"\n                \/>\n            <\/a>\n        <\/div>\n\t\t\t\t\t\t\t<\/div> \n\t\t\t\n\t\t\t\t<div id=\"ngg-image-8\" class=\"ngg-gallery-thumbnail-box\" >\n\t\t\t\t        <div class=\"ngg-gallery-thumbnail\">\n            <a href=\"https:\/\/expomont.pl\/wp-content\/gallery\/stoiska-indywidualne\/INDEX_BRNO_2024.jpg\"\n               title=\"Stoisko INDEX na targach w Brnie 2024\"\n               data-src=\"https:\/\/expomont.pl\/wp-content\/gallery\/stoiska-indywidualne\/INDEX_BRNO_2024.jpg\"\n               data-thumbnail=\"https:\/\/expomont.pl\/wp-content\/gallery\/stoiska-indywidualne\/thumbs\/thumbs_INDEX_BRNO_2024.jpg\"\n               data-image-id=\"237\"\n               data-title=\"Stoisko INDEX na targach w Brnie 2024\"\n               data-description=\"Stoisko INDEX na targach w Brnie 2024\"\n               data-image-slug=\"index_brno_2024\"\n               class=\"ngg-simplelightbox\" rel=\"05a449075c8b3c9f9d05d8f03b51a5d4\">\n                <img\n                    title=\"Stoisko INDEX na targach w Brnie 2024\"\n                    alt=\"Stoisko INDEX na targach w Brnie 2024\"\n                    src=\"https:\/\/expomont.pl\/wp-content\/gallery\/stoiska-indywidualne\/thumbs\/thumbs_INDEX_BRNO_2024.jpg\"\n                    width=\"240\"\n                    height=\"160\"\n                    style=\"max-width:100%;\"\n                \/>\n            <\/a>\n        <\/div>\n\t\t\t\t\t\t\t<\/div> \n\t\t\t\n\t\t\t\t<div id=\"ngg-image-9\" class=\"ngg-gallery-thumbnail-box\" >\n\t\t\t\t        <div class=\"ngg-gallery-thumbnail\">\n            <a href=\"https:\/\/expomont.pl\/wp-content\/gallery\/stoiska-indywidualne\/INDEX_ITM_2023.jpg\"\n               title=\"Stoisko INDEX na ITM 2023\"\n               data-src=\"https:\/\/expomont.pl\/wp-content\/gallery\/stoiska-indywidualne\/INDEX_ITM_2023.jpg\"\n               data-thumbnail=\"https:\/\/expomont.pl\/wp-content\/gallery\/stoiska-indywidualne\/thumbs\/thumbs_INDEX_ITM_2023.jpg\"\n               data-image-id=\"238\"\n               data-title=\"Stoisko INDEX na ITM 2023\"\n               data-description=\"Stoisko INDEX na ITM 2023\"\n               data-image-slug=\"index_itm_2023\"\n               class=\"ngg-simplelightbox\" rel=\"05a449075c8b3c9f9d05d8f03b51a5d4\">\n                <img\n                    title=\"Stoisko INDEX na ITM 2023\"\n                    alt=\"Stoisko INDEX na ITM 2023\"\n                    src=\"https:\/\/expomont.pl\/wp-content\/gallery\/stoiska-indywidualne\/thumbs\/thumbs_INDEX_ITM_2023.jpg\"\n                    width=\"240\"\n                    height=\"160\"\n                    style=\"max-width:100%;\"\n                \/>\n            <\/a>\n        <\/div>\n\t\t\t\t\t\t\t<\/div> \n\t\t\t\n\t\t\t\t<div id=\"ngg-image-10\" class=\"ngg-gallery-thumbnail-box\" >\n\t\t\t\t        <div class=\"ngg-gallery-thumbnail\">\n            <a href=\"https:\/\/expomont.pl\/wp-content\/gallery\/stoiska-indywidualne\/OMS_KRAKDENT_2024.jpg\"\n               title=\"Stoisko OMS na KRAKDENT 2024\"\n               data-src=\"https:\/\/expomont.pl\/wp-content\/gallery\/stoiska-indywidualne\/OMS_KRAKDENT_2024.jpg\"\n               data-thumbnail=\"https:\/\/expomont.pl\/wp-content\/gallery\/stoiska-indywidualne\/thumbs\/thumbs_OMS_KRAKDENT_2024.jpg\"\n               data-image-id=\"239\"\n               data-title=\"Stoisko OMS na KRAKDENT 2024\"\n               data-description=\"Stoisko OMS na KRAKDENT 2024\"\n               data-image-slug=\"oms_krakdent_2024\"\n               class=\"ngg-simplelightbox\" rel=\"05a449075c8b3c9f9d05d8f03b51a5d4\">\n                <img\n                    title=\"Stoisko OMS na KRAKDENT 2024\"\n                    alt=\"Stoisko OMS na KRAKDENT 2024\"\n                    src=\"https:\/\/expomont.pl\/wp-content\/gallery\/stoiska-indywidualne\/thumbs\/thumbs_OMS_KRAKDENT_2024.jpg\"\n                    width=\"240\"\n                    height=\"160\"\n                    style=\"max-width:100%;\"\n                \/>\n            <\/a>\n        <\/div>\n\t\t\t\t\t\t\t<\/div> \n\t\t\t\n\t\t\t\t<div id=\"ngg-image-11\" class=\"ngg-gallery-thumbnail-box\" >\n\t\t\t\t        <div class=\"ngg-gallery-thumbnail\">\n            <a href=\"https:\/\/expomont.pl\/wp-content\/gallery\/stoiska-indywidualne\/PLATON_STADION-NARODOWY_2024.jpg\"\n               title=\"Stoisko PLATON na Stadionie Narodowym 2024\"\n               data-src=\"https:\/\/expomont.pl\/wp-content\/gallery\/stoiska-indywidualne\/PLATON_STADION-NARODOWY_2024.jpg\"\n               data-thumbnail=\"https:\/\/expomont.pl\/wp-content\/gallery\/stoiska-indywidualne\/thumbs\/thumbs_PLATON_STADION-NARODOWY_2024.jpg\"\n               data-image-id=\"240\"\n               data-title=\"Stoisko PLATON na Stadionie Narodowym 2024\"\n               data-description=\"Stoisko PLATON na Stadionie Narodowym 2024\"\n               data-image-slug=\"platon_stadion-narodowy_2024\"\n               class=\"ngg-simplelightbox\" rel=\"05a449075c8b3c9f9d05d8f03b51a5d4\">\n                <img\n                    title=\"Stoisko PLATON na Stadionie Narodowym 2024\"\n                    alt=\"Stoisko PLATON na Stadionie Narodowym 2024\"\n                    src=\"https:\/\/expomont.pl\/wp-content\/gallery\/stoiska-indywidualne\/thumbs\/thumbs_PLATON_STADION-NARODOWY_2024.jpg\"\n                    width=\"240\"\n                    height=\"160\"\n                    style=\"max-width:100%;\"\n                \/>\n            <\/a>\n        <\/div>\n\t\t\t\t\t\t\t<\/div> \n\t\t\t\n\t\t\t\t<div id=\"ngg-image-12\" class=\"ngg-gallery-thumbnail-box\" >\n\t\t\t\t        <div class=\"ngg-gallery-thumbnail\">\n            <a href=\"https:\/\/expomont.pl\/wp-content\/gallery\/stoiska-indywidualne\/POLSVER_ITM_2024.jpg\"\n               title=\"Stoisko POLSVER na ITM 2024\"\n               data-src=\"https:\/\/expomont.pl\/wp-content\/gallery\/stoiska-indywidualne\/POLSVER_ITM_2024.jpg\"\n               data-thumbnail=\"https:\/\/expomont.pl\/wp-content\/gallery\/stoiska-indywidualne\/thumbs\/thumbs_POLSVER_ITM_2024.jpg\"\n               data-image-id=\"241\"\n               data-title=\"Stoisko POLSVER na ITM 2024\"\n               data-description=\"Stoisko POLSVER na ITM 2024\"\n               data-image-slug=\"polsver_itm_2024\"\n               class=\"ngg-simplelightbox\" rel=\"05a449075c8b3c9f9d05d8f03b51a5d4\">\n                <img\n                    title=\"Stoisko POLSVER na ITM 2024\"\n                    alt=\"Stoisko POLSVER na ITM 2024\"\n                    src=\"https:\/\/expomont.pl\/wp-content\/gallery\/stoiska-indywidualne\/thumbs\/thumbs_POLSVER_ITM_2024.jpg\"\n                    width=\"240\"\n                    height=\"160\"\n                    style=\"max-width:100%;\"\n                \/>\n            <\/a>\n        <\/div>\n\t\t\t\t\t\t\t<\/div> \n\t\t\t\n\t\t\t\t<div id=\"ngg-image-13\" class=\"ngg-gallery-thumbnail-box\" >\n\t\t\t\t        <div class=\"ngg-gallery-thumbnail\">\n            <a href=\"https:\/\/expomont.pl\/wp-content\/gallery\/stoiska-indywidualne\/ROHNFRIED_Katowice_2023.jpg\"\n               title=\"Stoisko ROHNFRIED w Katowicach 2023\"\n               data-src=\"https:\/\/expomont.pl\/wp-content\/gallery\/stoiska-indywidualne\/ROHNFRIED_Katowice_2023.jpg\"\n               data-thumbnail=\"https:\/\/expomont.pl\/wp-content\/gallery\/stoiska-indywidualne\/thumbs\/thumbs_ROHNFRIED_Katowice_2023.jpg\"\n               data-image-id=\"242\"\n               data-title=\"Stoisko ROHNFRIED w Katowicach 2023\"\n               data-description=\"Stoisko ROHNFRIED w Katowicach 2023\"\n               data-image-slug=\"rohnfried_katowice_2023\"\n               class=\"ngg-simplelightbox\" rel=\"05a449075c8b3c9f9d05d8f03b51a5d4\">\n                <img\n                    title=\"Stoisko ROHNFRIED w Katowicach 2023\"\n                    alt=\"Stoisko ROHNFRIED w Katowicach 2023\"\n                    src=\"https:\/\/expomont.pl\/wp-content\/gallery\/stoiska-indywidualne\/thumbs\/thumbs_ROHNFRIED_Katowice_2023.jpg\"\n                    width=\"240\"\n                    height=\"160\"\n                    style=\"max-width:100%;\"\n                \/>\n            <\/a>\n        <\/div>\n\t\t\t\t\t\t\t<\/div> \n\t\t\t\n\t\t\t\t<div id=\"ngg-image-14\" class=\"ngg-gallery-thumbnail-box\" >\n\t\t\t\t        <div class=\"ngg-gallery-thumbnail\">\n            <a href=\"https:\/\/expomont.pl\/wp-content\/gallery\/stoiska-indywidualne\/ROHNFRIED_KATOWICE_2024.jpg\"\n               title=\"Stoisko ROHNFRIED w Katowicach 2024\"\n               data-src=\"https:\/\/expomont.pl\/wp-content\/gallery\/stoiska-indywidualne\/ROHNFRIED_KATOWICE_2024.jpg\"\n               data-thumbnail=\"https:\/\/expomont.pl\/wp-content\/gallery\/stoiska-indywidualne\/thumbs\/thumbs_ROHNFRIED_KATOWICE_2024.jpg\"\n               data-image-id=\"243\"\n               data-title=\"Stoisko ROHNFRIED w Katowicach 2024\"\n               data-description=\"Stoisko ROHNFRIED w Katowicach 2024\"\n               data-image-slug=\"rohnfried_katowice_2024\"\n               class=\"ngg-simplelightbox\" rel=\"05a449075c8b3c9f9d05d8f03b51a5d4\">\n                <img\n                    title=\"Stoisko ROHNFRIED w Katowicach 2024\"\n                    alt=\"Stoisko ROHNFRIED w Katowicach 2024\"\n                    src=\"https:\/\/expomont.pl\/wp-content\/gallery\/stoiska-indywidualne\/thumbs\/thumbs_ROHNFRIED_KATOWICE_2024.jpg\"\n                    width=\"240\"\n                    height=\"160\"\n                    style=\"max-width:100%;\"\n                \/>\n            <\/a>\n        <\/div>\n\t\t\t\t\t\t\t<\/div> \n\t\t\t\n\t\t\t\t<div id=\"ngg-image-15\" class=\"ngg-gallery-thumbnail-box\" >\n\t\t\t\t        <div class=\"ngg-gallery-thumbnail\">\n            <a href=\"https:\/\/expomont.pl\/wp-content\/gallery\/stoiska-indywidualne\/vatech_krakdent-2022.jpg\"\n               title=\"Stoisko VATECH na targach KRAKDENT 2022 w Krakowie\"\n               data-src=\"https:\/\/expomont.pl\/wp-content\/gallery\/stoiska-indywidualne\/vatech_krakdent-2022.jpg\"\n               data-thumbnail=\"https:\/\/expomont.pl\/wp-content\/gallery\/stoiska-indywidualne\/thumbs\/thumbs_vatech_krakdent-2022.jpg\"\n               data-image-id=\"225\"\n               data-title=\"Stoisko VATECH na targach KRAKDENT 2022 w Krakowie\"\n               data-description=\"Stoisko VATECH na targach KRAKDENT 2022 w Krakowie\"\n               data-image-slug=\"vatech_krakdent-2022\"\n               class=\"ngg-simplelightbox\" rel=\"05a449075c8b3c9f9d05d8f03b51a5d4\">\n                <img\n                    title=\"Stoisko VATECH na targach KRAKDENT 2022 w Krakowie\"\n                    alt=\"Stoisko VATECH na targach KRAKDENT 2022 w Krakowie\"\n                    src=\"https:\/\/expomont.pl\/wp-content\/gallery\/stoiska-indywidualne\/thumbs\/thumbs_vatech_krakdent-2022.jpg\"\n                    width=\"240\"\n                    height=\"160\"\n                    style=\"max-width:100%;\"\n                \/>\n            <\/a>\n        <\/div>\n\t\t\t\t\t\t\t<\/div> \n\t\t\t\n\t\t\t\t<div id=\"ngg-image-16\" class=\"ngg-gallery-thumbnail-box\" >\n\t\t\t\t        <div class=\"ngg-gallery-thumbnail\">\n            <a href=\"https:\/\/expomont.pl\/wp-content\/gallery\/stoiska-indywidualne\/vatech-krakdent-2022-2.jpg\"\n               title=\"Stoisko VATECH na targach KRAKDENT 2022 w Krakowie\"\n               data-src=\"https:\/\/expomont.pl\/wp-content\/gallery\/stoiska-indywidualne\/vatech-krakdent-2022-2.jpg\"\n               data-thumbnail=\"https:\/\/expomont.pl\/wp-content\/gallery\/stoiska-indywidualne\/thumbs\/thumbs_vatech-krakdent-2022-2.jpg\"\n               data-image-id=\"228\"\n               data-title=\"Stoisko VATECH na targach KRAKDENT 2022 w Krakowie\"\n               data-description=\"Stoisko VATECH na targach KRAKDENT 2022 w Krakowie\"\n               data-image-slug=\"vatech-krakdent-2022-2\"\n               class=\"ngg-simplelightbox\" rel=\"05a449075c8b3c9f9d05d8f03b51a5d4\">\n                <img\n                    title=\"Stoisko VATECH na targach KRAKDENT 2022 w Krakowie\"\n                    alt=\"Stoisko VATECH na targach KRAKDENT 2022 w Krakowie\"\n                    src=\"https:\/\/expomont.pl\/wp-content\/gallery\/stoiska-indywidualne\/thumbs\/thumbs_vatech-krakdent-2022-2.jpg\"\n                    width=\"240\"\n                    height=\"160\"\n                    style=\"max-width:100%;\"\n                \/>\n            <\/a>\n        <\/div>\n\t\t\t\t\t\t\t<\/div> \n\t\t\t\n\t\t\t\t<div id=\"ngg-image-17\" class=\"ngg-gallery-thumbnail-box\" >\n\t\t\t\t        <div class=\"ngg-gallery-thumbnail\">\n            <a href=\"https:\/\/expomont.pl\/wp-content\/gallery\/stoiska-indywidualne\/oms-krakdent-2022.jpg\"\n               title=\"Stoisko OMS na targach KRAKDENT 2022 w Krakowie\"\n               data-src=\"https:\/\/expomont.pl\/wp-content\/gallery\/stoiska-indywidualne\/oms-krakdent-2022.jpg\"\n               data-thumbnail=\"https:\/\/expomont.pl\/wp-content\/gallery\/stoiska-indywidualne\/thumbs\/thumbs_oms-krakdent-2022.jpg\"\n               data-image-id=\"226\"\n               data-title=\"Stoisko OMS na targach KRAKDENT 2022 w Krakowie\"\n               data-description=\"Stoisko OMS na targach KRAKDENT 2022 w Krakowie\"\n               data-image-slug=\"oms-krakdent-2022\"\n               class=\"ngg-simplelightbox\" rel=\"05a449075c8b3c9f9d05d8f03b51a5d4\">\n                <img\n                    title=\"Stoisko OMS na targach KRAKDENT 2022 w Krakowie\"\n                    alt=\"Stoisko OMS na targach KRAKDENT 2022 w Krakowie\"\n                    src=\"https:\/\/expomont.pl\/wp-content\/gallery\/stoiska-indywidualne\/thumbs\/thumbs_oms-krakdent-2022.jpg\"\n                    width=\"240\"\n                    height=\"160\"\n                    style=\"max-width:100%;\"\n                \/>\n            <\/a>\n        <\/div>\n\t\t\t\t\t\t\t<\/div> \n\t\t\t\n\t\t\t\t<div id=\"ngg-image-18\" class=\"ngg-gallery-thumbnail-box\" >\n\t\t\t\t        <div class=\"ngg-gallery-thumbnail\">\n            <a href=\"https:\/\/expomont.pl\/wp-content\/gallery\/stoiska-indywidualne\/wh-krakdent-2022.jpg\"\n               title=\"Stoisko W&amp;H na targach KRAKDENT 2022 w Krakowie\"\n               data-src=\"https:\/\/expomont.pl\/wp-content\/gallery\/stoiska-indywidualne\/wh-krakdent-2022.jpg\"\n               data-thumbnail=\"https:\/\/expomont.pl\/wp-content\/gallery\/stoiska-indywidualne\/thumbs\/thumbs_wh-krakdent-2022.jpg\"\n               data-image-id=\"227\"\n               data-title=\"Stoisko W&amp;H na targach KRAKDENT 2022 w Krakowie\"\n               data-description=\"Stoisko W&amp;H na targach KRAKDENT 2022 w Krakowie\"\n               data-image-slug=\"wh-krakdent-2022\"\n               class=\"ngg-simplelightbox\" rel=\"05a449075c8b3c9f9d05d8f03b51a5d4\">\n                <img\n                    title=\"Stoisko W&amp;H na targach KRAKDENT 2022 w Krakowie\"\n                    alt=\"Stoisko W&amp;H na targach KRAKDENT 2022 w Krakowie\"\n                    src=\"https:\/\/expomont.pl\/wp-content\/gallery\/stoiska-indywidualne\/thumbs\/thumbs_wh-krakdent-2022.jpg\"\n                    width=\"240\"\n                    height=\"160\"\n                    style=\"max-width:100%;\"\n                \/>\n            <\/a>\n        <\/div>\n\t\t\t\t\t\t\t<\/div> \n\t\t\t\n\t\t\t\t<div id=\"ngg-image-19\" class=\"ngg-gallery-thumbnail-box\" >\n\t\t\t\t        <div class=\"ngg-gallery-thumbnail\">\n            <a href=\"https:\/\/expomont.pl\/wp-content\/gallery\/stoiska-indywidualne\/PHmet_1.jpg\"\n               title=\"Stoisko PHmet na targach POLAGRA 2020 w Poznaniu\"\n               data-src=\"https:\/\/expomont.pl\/wp-content\/gallery\/stoiska-indywidualne\/PHmet_1.jpg\"\n               data-thumbnail=\"https:\/\/expomont.pl\/wp-content\/gallery\/stoiska-indywidualne\/thumbs\/thumbs_PHmet_1.jpg\"\n               data-image-id=\"204\"\n               data-title=\"Stoisko PHmet na targach POLAGRA 2020 w Poznaniu\"\n               data-description=\"Stoisko PHmet na targach POLAGRA 2020 w Poznaniu\"\n               data-image-slug=\"phmet_1\"\n               class=\"ngg-simplelightbox\" rel=\"05a449075c8b3c9f9d05d8f03b51a5d4\">\n                <img\n                    title=\"Stoisko PHmet na targach POLAGRA 2020 w Poznaniu\"\n                    alt=\"Stoisko PHmet na targach POLAGRA 2020 w Poznaniu\"\n                    src=\"https:\/\/expomont.pl\/wp-content\/gallery\/stoiska-indywidualne\/thumbs\/thumbs_PHmet_1.jpg\"\n                    width=\"240\"\n                    height=\"160\"\n                    style=\"max-width:100%;\"\n                \/>\n            <\/a>\n        <\/div>\n\t\t\t\t\t\t\t<\/div> \n\t\t\t\n\t\t\t\t<div id=\"ngg-image-20\" class=\"ngg-gallery-thumbnail-box\" >\n\t\t\t\t        <div class=\"ngg-gallery-thumbnail\">\n            <a href=\"https:\/\/expomont.pl\/wp-content\/gallery\/stoiska-indywidualne\/PHmet_2.jpg\"\n               title=\"Stoisko PHmet na targach POLAGRA 2020 w Poznaniu\"\n               data-src=\"https:\/\/expomont.pl\/wp-content\/gallery\/stoiska-indywidualne\/PHmet_2.jpg\"\n               data-thumbnail=\"https:\/\/expomont.pl\/wp-content\/gallery\/stoiska-indywidualne\/thumbs\/thumbs_PHmet_2.jpg\"\n               data-image-id=\"205\"\n               data-title=\"Stoisko PHmet na targach POLAGRA 2020 w Poznaniu\"\n               data-description=\"Stoisko PHmet na targach POLAGRA 2020 w Poznaniu\"\n               data-image-slug=\"phmet_2\"\n               class=\"ngg-simplelightbox\" rel=\"05a449075c8b3c9f9d05d8f03b51a5d4\">\n                <img\n                    title=\"Stoisko PHmet na targach POLAGRA 2020 w Poznaniu\"\n                    alt=\"Stoisko PHmet na targach POLAGRA 2020 w Poznaniu\"\n                    src=\"https:\/\/expomont.pl\/wp-content\/gallery\/stoiska-indywidualne\/thumbs\/thumbs_PHmet_2.jpg\"\n                    width=\"240\"\n                    height=\"160\"\n                    style=\"max-width:100%;\"\n                \/>\n            <\/a>\n        <\/div>\n\t\t\t\t\t\t\t<\/div> \n\t\t\t\n\t\t\t\t<div id=\"ngg-image-21\" class=\"ngg-gallery-thumbnail-box\" >\n\t\t\t\t        <div class=\"ngg-gallery-thumbnail\">\n            <a href=\"https:\/\/expomont.pl\/wp-content\/gallery\/stoiska-indywidualne\/PHmet_3.jpg\"\n               title=\"Stoisko PHmet na targach POLAGRA 2020 w Poznaniu\"\n               data-src=\"https:\/\/expomont.pl\/wp-content\/gallery\/stoiska-indywidualne\/PHmet_3.jpg\"\n               data-thumbnail=\"https:\/\/expomont.pl\/wp-content\/gallery\/stoiska-indywidualne\/thumbs\/thumbs_PHmet_3.jpg\"\n               data-image-id=\"206\"\n               data-title=\"Stoisko PHmet na targach POLAGRA 2020 w Poznaniu\"\n               data-description=\"Stoisko PHmet na targach POLAGRA 2020 w Poznaniu\"\n               data-image-slug=\"phmet_3\"\n               class=\"ngg-simplelightbox\" rel=\"05a449075c8b3c9f9d05d8f03b51a5d4\">\n                <img\n                    title=\"Stoisko PHmet na targach POLAGRA 2020 w Poznaniu\"\n                    alt=\"Stoisko PHmet na targach POLAGRA 2020 w Poznaniu\"\n                    src=\"https:\/\/expomont.pl\/wp-content\/gallery\/stoiska-indywidualne\/thumbs\/thumbs_PHmet_3.jpg\"\n                    width=\"240\"\n                    height=\"160\"\n                    style=\"max-width:100%;\"\n                \/>\n            <\/a>\n        <\/div>\n\t\t\t\t\t\t\t<\/div> \n\t\t\t\n\t\t\t\t<div id=\"ngg-image-22\" class=\"ngg-gallery-thumbnail-box\" >\n\t\t\t\t        <div class=\"ngg-gallery-thumbnail\">\n            <a href=\"https:\/\/expomont.pl\/wp-content\/gallery\/stoiska-indywidualne\/1_LVD-targi-MACHTOOL-2016.jpg\"\n               title=\"Stoisko indywidualne 8 \u2013 LVD, MACHTOOL 2016\"\n               data-src=\"https:\/\/expomont.pl\/wp-content\/gallery\/stoiska-indywidualne\/1_LVD-targi-MACHTOOL-2016.jpg\"\n               data-thumbnail=\"https:\/\/expomont.pl\/wp-content\/gallery\/stoiska-indywidualne\/thumbs\/thumbs_1_LVD-targi-MACHTOOL-2016.jpg\"\n               data-image-id=\"8\"\n               data-title=\"Stoisko indywidualne 8 \u2013 LVD, MACHTOOL 2016\"\n               data-description=\"Stoisko indywidualne 8 \u2013 LVD, MACHTOOL 2016\"\n               data-image-slug=\"1_lvd-targi-machtool-2016\"\n               class=\"ngg-simplelightbox\" rel=\"05a449075c8b3c9f9d05d8f03b51a5d4\">\n                <img\n                    title=\"Stoisko indywidualne 8 \u2013 LVD, MACHTOOL 2016\"\n                    alt=\"Stoisko indywidualne 8 \u2013 LVD, MACHTOOL 2016\"\n                    src=\"https:\/\/expomont.pl\/wp-content\/gallery\/stoiska-indywidualne\/thumbs\/thumbs_1_LVD-targi-MACHTOOL-2016.jpg\"\n                    width=\"240\"\n                    height=\"160\"\n                    style=\"max-width:100%;\"\n                \/>\n            <\/a>\n        <\/div>\n\t\t\t\t\t\t\t<\/div> \n\t\t\t\n\t\t\t\t<div id=\"ngg-image-23\" class=\"ngg-gallery-thumbnail-box\" >\n\t\t\t\t        <div class=\"ngg-gallery-thumbnail\">\n            <a href=\"https:\/\/expomont.pl\/wp-content\/gallery\/stoiska-indywidualne\/1_OERLIKON-BALZERS-targi-MACHTOOL-2016.jpg\"\n               title=\"Stoisko indywidualne 12 \u2013 OERLIKON BALZERS, MACHTOOL 2016\"\n               data-src=\"https:\/\/expomont.pl\/wp-content\/gallery\/stoiska-indywidualne\/1_OERLIKON-BALZERS-targi-MACHTOOL-2016.jpg\"\n               data-thumbnail=\"https:\/\/expomont.pl\/wp-content\/gallery\/stoiska-indywidualne\/thumbs\/thumbs_1_OERLIKON-BALZERS-targi-MACHTOOL-2016.jpg\"\n               data-image-id=\"12\"\n               data-title=\"Stoisko indywidualne 12 \u2013 OERLIKON BALZERS, MACHTOOL 2016\"\n               data-description=\"Stoisko indywidualne 12 \u2013 OERLIKON BALZERS, MACHTOOL 2016\"\n               data-image-slug=\"1_oerlikon-balzers-targi-machtool-2016\"\n               class=\"ngg-simplelightbox\" rel=\"05a449075c8b3c9f9d05d8f03b51a5d4\">\n                <img\n                    title=\"Stoisko indywidualne 12 \u2013 OERLIKON BALZERS, MACHTOOL 2016\"\n                    alt=\"Stoisko indywidualne 12 \u2013 OERLIKON BALZERS, MACHTOOL 2016\"\n                    src=\"https:\/\/expomont.pl\/wp-content\/gallery\/stoiska-indywidualne\/thumbs\/thumbs_1_OERLIKON-BALZERS-targi-MACHTOOL-2016.jpg\"\n                    width=\"240\"\n                    height=\"160\"\n                    style=\"max-width:100%;\"\n                \/>\n            <\/a>\n        <\/div>\n\t\t\t\t\t\t\t<\/div> \n\t\t\t\n\t\t\t\t<div id=\"ngg-image-24\" class=\"ngg-gallery-thumbnail-box\" >\n\t\t\t\t        <div class=\"ngg-gallery-thumbnail\">\n            <a href=\"https:\/\/expomont.pl\/wp-content\/gallery\/stoiska-indywidualne\/1_KRAK-GASTRO-targi-EUROGASTRO-2016.jpg\"\n               title=\"Stoisko indywidualne 7 \u2013 KRAK GASTRO, EUROGASTRO 2016\"\n               data-src=\"https:\/\/expomont.pl\/wp-content\/gallery\/stoiska-indywidualne\/1_KRAK-GASTRO-targi-EUROGASTRO-2016.jpg\"\n               data-thumbnail=\"https:\/\/expomont.pl\/wp-content\/gallery\/stoiska-indywidualne\/thumbs\/thumbs_1_KRAK-GASTRO-targi-EUROGASTRO-2016.jpg\"\n               data-image-id=\"7\"\n               data-title=\"Stoisko indywidualne 7 \u2013 KRAK GASTRO, EUROGASTRO 2016\"\n               data-description=\"Stoisko indywidualne 7 \u2013 KRAK GASTRO, EUROGASTRO 2016\"\n               data-image-slug=\"1_krak-gastro-targi-eurogastro-2016\"\n               class=\"ngg-simplelightbox\" rel=\"05a449075c8b3c9f9d05d8f03b51a5d4\">\n                <img\n                    title=\"Stoisko indywidualne 7 \u2013 KRAK GASTRO, EUROGASTRO 2016\"\n                    alt=\"Stoisko indywidualne 7 \u2013 KRAK GASTRO, EUROGASTRO 2016\"\n                    src=\"https:\/\/expomont.pl\/wp-content\/gallery\/stoiska-indywidualne\/thumbs\/thumbs_1_KRAK-GASTRO-targi-EUROGASTRO-2016.jpg\"\n                    width=\"240\"\n                    height=\"160\"\n                    style=\"max-width:100%;\"\n                \/>\n            <\/a>\n        <\/div>\n\t\t\t\t\t\t\t<\/div> \n\t\t\t\n\t\t\t\t<div id=\"ngg-image-25\" class=\"ngg-gallery-thumbnail-box\" >\n\t\t\t\t        <div class=\"ngg-gallery-thumbnail\">\n            <a href=\"https:\/\/expomont.pl\/wp-content\/gallery\/stoiska-indywidualne\/1_INTERMAG-targi-AGROTECH-2016.jpg\"\n               title=\"Stoisko indywidualne 6 \u2013 INTERMAG, AGROTECH 2016\"\n               data-src=\"https:\/\/expomont.pl\/wp-content\/gallery\/stoiska-indywidualne\/1_INTERMAG-targi-AGROTECH-2016.jpg\"\n               data-thumbnail=\"https:\/\/expomont.pl\/wp-content\/gallery\/stoiska-indywidualne\/thumbs\/thumbs_1_INTERMAG-targi-AGROTECH-2016.jpg\"\n               data-image-id=\"6\"\n               data-title=\"Stoisko indywidualne 6 \u2013 INTERMAG, AGROTECH 2016\"\n               data-description=\"Stoisko indywidualne 6 \u2013 INTERMAG, AGROTECH 2016\"\n               data-image-slug=\"1_intermag-targi-agrotech-2016\"\n               class=\"ngg-simplelightbox\" rel=\"05a449075c8b3c9f9d05d8f03b51a5d4\">\n                <img\n                    title=\"Stoisko indywidualne 6 \u2013 INTERMAG, AGROTECH 2016\"\n                    alt=\"Stoisko indywidualne 6 \u2013 INTERMAG, AGROTECH 2016\"\n                    src=\"https:\/\/expomont.pl\/wp-content\/gallery\/stoiska-indywidualne\/thumbs\/thumbs_1_INTERMAG-targi-AGROTECH-2016.jpg\"\n                    width=\"240\"\n                    height=\"160\"\n                    style=\"max-width:100%;\"\n                \/>\n            <\/a>\n        <\/div>\n\t\t\t\t\t\t\t<\/div> \n\t\t\t\n\t\t\t\t<div id=\"ngg-image-26\" class=\"ngg-gallery-thumbnail-box\" >\n\t\t\t\t        <div class=\"ngg-gallery-thumbnail\">\n            <a href=\"https:\/\/expomont.pl\/wp-content\/gallery\/stoiska-indywidualne\/GENT-targi-KRAKDENT-2016_1.jpg\"\n               title=\"Stoisko indywidualne 19 \u2013 GENT, KRAKDENT 2016\"\n               data-src=\"https:\/\/expomont.pl\/wp-content\/gallery\/stoiska-indywidualne\/GENT-targi-KRAKDENT-2016_1.jpg\"\n               data-thumbnail=\"https:\/\/expomont.pl\/wp-content\/gallery\/stoiska-indywidualne\/thumbs\/thumbs_GENT-targi-KRAKDENT-2016_1.jpg\"\n               data-image-id=\"184\"\n               data-title=\"Stoisko indywidualne 19 \u2013 GENT, KRAKDENT 2016\"\n               data-description=\"Stoisko indywidualne 19 \u2013 GENT, KRAKDENT 2016\"\n               data-image-slug=\"gent-targi-krakdent-2016_1\"\n               class=\"ngg-simplelightbox\" rel=\"05a449075c8b3c9f9d05d8f03b51a5d4\">\n                <img\n                    title=\"Stoisko indywidualne 19 \u2013 GENT, KRAKDENT 2016\"\n                    alt=\"Stoisko indywidualne 19 \u2013 GENT, KRAKDENT 2016\"\n                    src=\"https:\/\/expomont.pl\/wp-content\/gallery\/stoiska-indywidualne\/thumbs\/thumbs_GENT-targi-KRAKDENT-2016_1.jpg\"\n                    width=\"240\"\n                    height=\"160\"\n                    style=\"max-width:100%;\"\n                \/>\n            <\/a>\n        <\/div>\n\t\t\t\t\t\t\t<\/div> \n\t\t\t\n\t\t\t\t<div id=\"ngg-image-27\" class=\"ngg-gallery-thumbnail-box\" >\n\t\t\t\t        <div class=\"ngg-gallery-thumbnail\">\n            <a href=\"https:\/\/expomont.pl\/wp-content\/gallery\/stoiska-indywidualne\/WH-targi-CEDE-2015_1.jpg\"\n               title=\"Stoisko indywidualne 25 \u2013 W&amp;H, CEDE 2015\"\n               data-src=\"https:\/\/expomont.pl\/wp-content\/gallery\/stoiska-indywidualne\/WH-targi-CEDE-2015_1.jpg\"\n               data-thumbnail=\"https:\/\/expomont.pl\/wp-content\/gallery\/stoiska-indywidualne\/thumbs\/thumbs_WH-targi-CEDE-2015_1.jpg\"\n               data-image-id=\"190\"\n               data-title=\"Stoisko indywidualne 25 \u2013 W&amp;H, CEDE 2015\"\n               data-description=\"Stoisko indywidualne 25 \u2013 W&amp;H, CEDE 2015\"\n               data-image-slug=\"wh-targi-cede-2015_1\"\n               class=\"ngg-simplelightbox\" rel=\"05a449075c8b3c9f9d05d8f03b51a5d4\">\n                <img\n                    title=\"Stoisko indywidualne 25 \u2013 W&amp;H, CEDE 2015\"\n                    alt=\"Stoisko indywidualne 25 \u2013 W&amp;H, CEDE 2015\"\n                    src=\"https:\/\/expomont.pl\/wp-content\/gallery\/stoiska-indywidualne\/thumbs\/thumbs_WH-targi-CEDE-2015_1.jpg\"\n                    width=\"240\"\n                    height=\"160\"\n                    style=\"max-width:100%;\"\n                \/>\n            <\/a>\n        <\/div>\n\t\t\t\t\t\t\t<\/div> \n\t\t\t\n\t\t\t\t<div id=\"ngg-image-28\" class=\"ngg-gallery-thumbnail-box\" >\n\t\t\t\t        <div class=\"ngg-gallery-thumbnail\">\n            <a href=\"https:\/\/expomont.pl\/wp-content\/gallery\/stoiska-indywidualne\/1_OMS-Polska-targi-CEDE-2015.jpg\"\n               title=\"Stoisko indywidualne 13 \u2013 OMS POLSKA, CEDE 2015\"\n               data-src=\"https:\/\/expomont.pl\/wp-content\/gallery\/stoiska-indywidualne\/1_OMS-Polska-targi-CEDE-2015.jpg\"\n               data-thumbnail=\"https:\/\/expomont.pl\/wp-content\/gallery\/stoiska-indywidualne\/thumbs\/thumbs_1_OMS-Polska-targi-CEDE-2015.jpg\"\n               data-image-id=\"13\"\n               data-title=\"Stoisko indywidualne 13 \u2013 OMS POLSKA, CEDE 2015\"\n               data-description=\"Stoisko indywidualne 13 \u2013 OMS POLSKA, CEDE 2015\"\n               data-image-slug=\"1_oms-polska-targi-cede-2015\"\n               class=\"ngg-simplelightbox\" rel=\"05a449075c8b3c9f9d05d8f03b51a5d4\">\n                <img\n                    title=\"Stoisko indywidualne 13 \u2013 OMS POLSKA, CEDE 2015\"\n                    alt=\"Stoisko indywidualne 13 \u2013 OMS POLSKA, CEDE 2015\"\n                    src=\"https:\/\/expomont.pl\/wp-content\/gallery\/stoiska-indywidualne\/thumbs\/thumbs_1_OMS-Polska-targi-CEDE-2015.jpg\"\n                    width=\"240\"\n                    height=\"160\"\n                    style=\"max-width:100%;\"\n                \/>\n            <\/a>\n        <\/div>\n\t\t\t\t\t\t\t<\/div> \n\t\t\t\n\t\t\t\t<div id=\"ngg-image-29\" class=\"ngg-gallery-thumbnail-box\" >\n\t\t\t\t        <div class=\"ngg-gallery-thumbnail\">\n            <a href=\"https:\/\/expomont.pl\/wp-content\/gallery\/stoiska-indywidualne\/DURFORT-targi-EUROTAB-2015_1.jpg\"\n               title=\"Stoisko indywidualne 18 \u2013 DURFORT, EUROTAB 2015\"\n               data-src=\"https:\/\/expomont.pl\/wp-content\/gallery\/stoiska-indywidualne\/DURFORT-targi-EUROTAB-2015_1.jpg\"\n               data-thumbnail=\"https:\/\/expomont.pl\/wp-content\/gallery\/stoiska-indywidualne\/thumbs\/thumbs_DURFORT-targi-EUROTAB-2015_1.jpg\"\n               data-image-id=\"183\"\n               data-title=\"Stoisko indywidualne 18 \u2013 DURFORT, EUROTAB 2015\"\n               data-description=\"Stoisko indywidualne 18 \u2013 DURFORT, EUROTAB 2015\"\n               data-image-slug=\"durfort-targi-eurotab-2015_1\"\n               class=\"ngg-simplelightbox\" rel=\"05a449075c8b3c9f9d05d8f03b51a5d4\">\n                <img\n                    title=\"Stoisko indywidualne 18 \u2013 DURFORT, EUROTAB 2015\"\n                    alt=\"Stoisko indywidualne 18 \u2013 DURFORT, EUROTAB 2015\"\n                    src=\"https:\/\/expomont.pl\/wp-content\/gallery\/stoiska-indywidualne\/thumbs\/thumbs_DURFORT-targi-EUROTAB-2015_1.jpg\"\n                    width=\"240\"\n                    height=\"160\"\n                    style=\"max-width:100%;\"\n                \/>\n            <\/a>\n        <\/div>\n\t\t\t\t\t\t\t<\/div> \n\t\t\t\n\t\t\t\t<div id=\"ngg-image-30\" class=\"ngg-gallery-thumbnail-box\" >\n\t\t\t\t        <div class=\"ngg-gallery-thumbnail\">\n            <a href=\"https:\/\/expomont.pl\/wp-content\/gallery\/stoiska-indywidualne\/1_MEXIM-targi-EUROTOOL-2014.jpg\"\n               title=\"Stoisko indywidualne 10 \u2013 MEXIM, EUROTOOL 2014\"\n               data-src=\"https:\/\/expomont.pl\/wp-content\/gallery\/stoiska-indywidualne\/1_MEXIM-targi-EUROTOOL-2014.jpg\"\n               data-thumbnail=\"https:\/\/expomont.pl\/wp-content\/gallery\/stoiska-indywidualne\/thumbs\/thumbs_1_MEXIM-targi-EUROTOOL-2014.jpg\"\n               data-image-id=\"10\"\n               data-title=\"Stoisko indywidualne 10 \u2013 MEXIM, EUROTOOL 2014\"\n               data-description=\"Stoisko indywidualne 10 \u2013 MEXIM, EUROTOOL 2014\"\n               data-image-slug=\"1_mexim-targi-eurotool-2014\"\n               class=\"ngg-simplelightbox\" rel=\"05a449075c8b3c9f9d05d8f03b51a5d4\">\n                <img\n                    title=\"Stoisko indywidualne 10 \u2013 MEXIM, EUROTOOL 2014\"\n                    alt=\"Stoisko indywidualne 10 \u2013 MEXIM, EUROTOOL 2014\"\n                    src=\"https:\/\/expomont.pl\/wp-content\/gallery\/stoiska-indywidualne\/thumbs\/thumbs_1_MEXIM-targi-EUROTOOL-2014.jpg\"\n                    width=\"240\"\n                    height=\"160\"\n                    style=\"max-width:100%;\"\n                \/>\n            <\/a>\n        <\/div>\n\t\t\t\t\t\t\t<\/div> \n\t\t\t\n\t\t\t\t<div id=\"ngg-image-31\" class=\"ngg-gallery-thumbnail-box\" >\n\t\t\t\t        <div class=\"ngg-gallery-thumbnail\">\n            <a href=\"https:\/\/expomont.pl\/wp-content\/gallery\/stoiska-indywidualne\/DSC7147_1.jpg\"\n               title=\"Stoisko indywidualne 17 \u2013 W&amp;H\"\n               data-src=\"https:\/\/expomont.pl\/wp-content\/gallery\/stoiska-indywidualne\/DSC7147_1.jpg\"\n               data-thumbnail=\"https:\/\/expomont.pl\/wp-content\/gallery\/stoiska-indywidualne\/thumbs\/thumbs_DSC7147_1.jpg\"\n               data-image-id=\"182\"\n               data-title=\"Stoisko indywidualne 17 \u2013 W&amp;H\"\n               data-description=\"Stoisko indywidualne 17 \u2013 W&amp;H\"\n               data-image-slug=\"dsc7147_1\"\n               class=\"ngg-simplelightbox\" rel=\"05a449075c8b3c9f9d05d8f03b51a5d4\">\n                <img\n                    title=\"Stoisko indywidualne 17 \u2013 W&amp;H\"\n                    alt=\"Stoisko indywidualne 17 \u2013 W&amp;H\"\n                    src=\"https:\/\/expomont.pl\/wp-content\/gallery\/stoiska-indywidualne\/thumbs\/thumbs_DSC7147_1.jpg\"\n                    width=\"240\"\n                    height=\"160\"\n                    style=\"max-width:100%;\"\n                \/>\n            <\/a>\n        <\/div>\n\t\t\t\t\t\t\t<\/div> \n\t\t\t\n\t\t\t\t<div id=\"ngg-image-32\" class=\"ngg-gallery-thumbnail-box\" >\n\t\t\t\t        <div class=\"ngg-gallery-thumbnail\">\n            <a href=\"https:\/\/expomont.pl\/wp-content\/gallery\/stoiska-indywidualne\/1_EURONDA-targi-CEDE-2014.jpg\"\n               title=\"Stoisko indywidualne 5 \u2013 EURONDA, CEDE 2014\"\n               data-src=\"https:\/\/expomont.pl\/wp-content\/gallery\/stoiska-indywidualne\/1_EURONDA-targi-CEDE-2014.jpg\"\n               data-thumbnail=\"https:\/\/expomont.pl\/wp-content\/gallery\/stoiska-indywidualne\/thumbs\/thumbs_1_EURONDA-targi-CEDE-2014.jpg\"\n               data-image-id=\"5\"\n               data-title=\"Stoisko indywidualne 5 \u2013 EURONDA, CEDE 2014\"\n               data-description=\"Stoisko indywidualne 5 \u2013 EURONDA, CEDE 2014\"\n               data-image-slug=\"1_euronda-targi-cede-2014\"\n               class=\"ngg-simplelightbox\" rel=\"05a449075c8b3c9f9d05d8f03b51a5d4\">\n                <img\n                    title=\"Stoisko indywidualne 5 \u2013 EURONDA, CEDE 2014\"\n                    alt=\"Stoisko indywidualne 5 \u2013 EURONDA, CEDE 2014\"\n                    src=\"https:\/\/expomont.pl\/wp-content\/gallery\/stoiska-indywidualne\/thumbs\/thumbs_1_EURONDA-targi-CEDE-2014.jpg\"\n                    width=\"240\"\n                    height=\"160\"\n                    style=\"max-width:100%;\"\n                \/>\n            <\/a>\n        <\/div>\n\t\t\t\t\t\t\t<\/div> \n\t\t\t\n\t\t\t\t<div id=\"ngg-image-33\" class=\"ngg-gallery-thumbnail-box\" >\n\t\t\t\t        <div class=\"ngg-gallery-thumbnail\">\n            <a href=\"https:\/\/expomont.pl\/wp-content\/gallery\/stoiska-indywidualne\/1_MANITOWOC-targi-EUROGASTRO-2014.jpg\"\n               title=\"Stoisko indywidualne 9 \u2013 MANITOWOC, EUROGASTRO 2014\"\n               data-src=\"https:\/\/expomont.pl\/wp-content\/gallery\/stoiska-indywidualne\/1_MANITOWOC-targi-EUROGASTRO-2014.jpg\"\n               data-thumbnail=\"https:\/\/expomont.pl\/wp-content\/gallery\/stoiska-indywidualne\/thumbs\/thumbs_1_MANITOWOC-targi-EUROGASTRO-2014.jpg\"\n               data-image-id=\"9\"\n               data-title=\"Stoisko indywidualne 9 \u2013 MANITOWOC, EUROGASTRO 2014\"\n               data-description=\"Stoisko indywidualne 9 \u2013 MANITOWOC, EUROGASTRO 2014\"\n               data-image-slug=\"1_manitowoc-targi-eurogastro-2014\"\n               class=\"ngg-simplelightbox\" rel=\"05a449075c8b3c9f9d05d8f03b51a5d4\">\n                <img\n                    title=\"Stoisko indywidualne 9 \u2013 MANITOWOC, EUROGASTRO 2014\"\n                    alt=\"Stoisko indywidualne 9 \u2013 MANITOWOC, EUROGASTRO 2014\"\n                    src=\"https:\/\/expomont.pl\/wp-content\/gallery\/stoiska-indywidualne\/thumbs\/thumbs_1_MANITOWOC-targi-EUROGASTRO-2014.jpg\"\n                    width=\"240\"\n                    height=\"160\"\n                    style=\"max-width:100%;\"\n                \/>\n            <\/a>\n        <\/div>\n\t\t\t\t\t\t\t<\/div> \n\t\t\t\n\t\t\t\t<div id=\"ngg-image-34\" class=\"ngg-gallery-thumbnail-box\" >\n\t\t\t\t        <div class=\"ngg-gallery-thumbnail\">\n            <a href=\"https:\/\/expomont.pl\/wp-content\/gallery\/stoiska-indywidualne\/DSC6475_1.jpg\"\n               title=\"Stoisko indywidualne 16 \u2013 SMARTFRECH\"\n               data-src=\"https:\/\/expomont.pl\/wp-content\/gallery\/stoiska-indywidualne\/DSC6475_1.jpg\"\n               data-thumbnail=\"https:\/\/expomont.pl\/wp-content\/gallery\/stoiska-indywidualne\/thumbs\/thumbs_DSC6475_1.jpg\"\n               data-image-id=\"181\"\n               data-title=\"Stoisko indywidualne 16 \u2013 SMARTFRECH\"\n               data-description=\"Stoisko indywidualne 16 \u2013 SMARTFRECH\"\n               data-image-slug=\"dsc6475_1\"\n               class=\"ngg-simplelightbox\" rel=\"05a449075c8b3c9f9d05d8f03b51a5d4\">\n                <img\n                    title=\"Stoisko indywidualne 16 \u2013 SMARTFRECH\"\n                    alt=\"Stoisko indywidualne 16 \u2013 SMARTFRECH\"\n                    src=\"https:\/\/expomont.pl\/wp-content\/gallery\/stoiska-indywidualne\/thumbs\/thumbs_DSC6475_1.jpg\"\n                    width=\"240\"\n                    height=\"160\"\n                    style=\"max-width:100%;\"\n                \/>\n            <\/a>\n        <\/div>\n\t\t\t\t\t\t\t<\/div> \n\t\t\t\n\t\t\t\t<div id=\"ngg-image-35\" class=\"ngg-gallery-thumbnail-box\" >\n\t\t\t\t        <div class=\"ngg-gallery-thumbnail\">\n            <a href=\"https:\/\/expomont.pl\/wp-content\/gallery\/stoiska-indywidualne\/1_AUTODESK-targi-EUROTOOL-2013.jpg\"\n               title=\"Stoisko indywidualne 2 \u2013 AUTODESK, EUROTOOL 2013\"\n               data-src=\"https:\/\/expomont.pl\/wp-content\/gallery\/stoiska-indywidualne\/1_AUTODESK-targi-EUROTOOL-2013.jpg\"\n               data-thumbnail=\"https:\/\/expomont.pl\/wp-content\/gallery\/stoiska-indywidualne\/thumbs\/thumbs_1_AUTODESK-targi-EUROTOOL-2013.jpg\"\n               data-image-id=\"2\"\n               data-title=\"Stoisko indywidualne 2 \u2013 AUTODESK, EUROTOOL 2013\"\n               data-description=\"Stoisko indywidualne 2 \u2013 AUTODESK, EUROTOOL 2013\"\n               data-image-slug=\"1_autodesk-targi-eurotool-2013\"\n               class=\"ngg-simplelightbox\" rel=\"05a449075c8b3c9f9d05d8f03b51a5d4\">\n                <img\n                    title=\"Stoisko indywidualne 2 \u2013 AUTODESK, EUROTOOL 2013\"\n                    alt=\"Stoisko indywidualne 2 \u2013 AUTODESK, EUROTOOL 2013\"\n                    src=\"https:\/\/expomont.pl\/wp-content\/gallery\/stoiska-indywidualne\/thumbs\/thumbs_1_AUTODESK-targi-EUROTOOL-2013.jpg\"\n                    width=\"240\"\n                    height=\"160\"\n                    style=\"max-width:100%;\"\n                \/>\n            <\/a>\n        <\/div>\n\t\t\t\t\t\t\t<\/div> \n\t\t\t\n\t\t\t\t<div id=\"ngg-image-36\" class=\"ngg-gallery-thumbnail-box\" >\n\t\t\t\t        <div class=\"ngg-gallery-thumbnail\">\n            <a href=\"https:\/\/expomont.pl\/wp-content\/gallery\/stoiska-indywidualne\/MANITOWOC-targi-EUROGASTRO-2013_1.jpg\"\n               title=\"Stoisko indywidualne 20 \u2013 MANITOWOC, EUROGASTRO 2013\"\n               data-src=\"https:\/\/expomont.pl\/wp-content\/gallery\/stoiska-indywidualne\/MANITOWOC-targi-EUROGASTRO-2013_1.jpg\"\n               data-thumbnail=\"https:\/\/expomont.pl\/wp-content\/gallery\/stoiska-indywidualne\/thumbs\/thumbs_MANITOWOC-targi-EUROGASTRO-2013_1.jpg\"\n               data-image-id=\"185\"\n               data-title=\"Stoisko indywidualne 20 \u2013 MANITOWOC, EUROGASTRO 2013\"\n               data-description=\"Stoisko indywidualne 20 \u2013 MANITOWOC, EUROGASTRO 2013\"\n               data-image-slug=\"manitowoc-targi-eurogastro-2013_1\"\n               class=\"ngg-simplelightbox\" rel=\"05a449075c8b3c9f9d05d8f03b51a5d4\">\n                <img\n                    title=\"Stoisko indywidualne 20 \u2013 MANITOWOC, EUROGASTRO 2013\"\n                    alt=\"Stoisko indywidualne 20 \u2013 MANITOWOC, EUROGASTRO 2013\"\n                    src=\"https:\/\/expomont.pl\/wp-content\/gallery\/stoiska-indywidualne\/thumbs\/thumbs_MANITOWOC-targi-EUROGASTRO-2013_1.jpg\"\n                    width=\"240\"\n                    height=\"160\"\n                    style=\"max-width:100%;\"\n                \/>\n            <\/a>\n        <\/div>\n\t\t\t\t\t\t\t<\/div> \n\t\t\t\n\t\t\t\t<div id=\"ngg-image-37\" class=\"ngg-gallery-thumbnail-box\" >\n\t\t\t\t        <div class=\"ngg-gallery-thumbnail\">\n            <a href=\"https:\/\/expomont.pl\/wp-content\/gallery\/stoiska-indywidualne\/1_OERLIKON-BALZERS-targi-EUROTOOL-2012.jpg\"\n               title=\"Stoisko indywidualne 11 \u2013 OERLIKON BALZERS, EUROTOOL 2012\"\n               data-src=\"https:\/\/expomont.pl\/wp-content\/gallery\/stoiska-indywidualne\/1_OERLIKON-BALZERS-targi-EUROTOOL-2012.jpg\"\n               data-thumbnail=\"https:\/\/expomont.pl\/wp-content\/gallery\/stoiska-indywidualne\/thumbs\/thumbs_1_OERLIKON-BALZERS-targi-EUROTOOL-2012.jpg\"\n               data-image-id=\"11\"\n               data-title=\"Stoisko indywidualne 11 \u2013 OERLIKON BALZERS, EUROTOOL 2012\"\n               data-description=\"Stoisko indywidualne 11 \u2013 OERLIKON BALZERS, EUROTOOL 2012\"\n               data-image-slug=\"1_oerlikon-balzers-targi-eurotool-2012\"\n               class=\"ngg-simplelightbox\" rel=\"05a449075c8b3c9f9d05d8f03b51a5d4\">\n                <img\n                    title=\"Stoisko indywidualne 11 \u2013 OERLIKON BALZERS, EUROTOOL 2012\"\n                    alt=\"Stoisko indywidualne 11 \u2013 OERLIKON BALZERS, EUROTOOL 2012\"\n                    src=\"https:\/\/expomont.pl\/wp-content\/gallery\/stoiska-indywidualne\/thumbs\/thumbs_1_OERLIKON-BALZERS-targi-EUROTOOL-2012.jpg\"\n                    width=\"240\"\n                    height=\"160\"\n                    style=\"max-width:100%;\"\n                \/>\n            <\/a>\n        <\/div>\n\t\t\t\t\t\t\t<\/div> \n\t\t\t\n\t\t\t\t<div id=\"ngg-image-38\" class=\"ngg-gallery-thumbnail-box\" >\n\t\t\t\t        <div class=\"ngg-gallery-thumbnail\">\n            <a href=\"https:\/\/expomont.pl\/wp-content\/gallery\/stoiska-indywidualne\/ORLEN-OIL-targi-TUNING-SHOW-2012_1.jpg\"\n               title=\"Stoisko indywidualne 21 \u2013 ORLEN OIL, TUNING SHOW 2012\"\n               data-src=\"https:\/\/expomont.pl\/wp-content\/gallery\/stoiska-indywidualne\/ORLEN-OIL-targi-TUNING-SHOW-2012_1.jpg\"\n               data-thumbnail=\"https:\/\/expomont.pl\/wp-content\/gallery\/stoiska-indywidualne\/thumbs\/thumbs_ORLEN-OIL-targi-TUNING-SHOW-2012_1.jpg\"\n               data-image-id=\"186\"\n               data-title=\"Stoisko indywidualne 21 \u2013 ORLEN OIL, TUNING SHOW 2012\"\n               data-description=\"Stoisko indywidualne 21 \u2013 ORLEN OIL, TUNING SHOW 2012\"\n               data-image-slug=\"orlen-oil-targi-tuning-show-2012_1\"\n               class=\"ngg-simplelightbox\" rel=\"05a449075c8b3c9f9d05d8f03b51a5d4\">\n                <img\n                    title=\"Stoisko indywidualne 21 \u2013 ORLEN OIL, TUNING SHOW 2012\"\n                    alt=\"Stoisko indywidualne 21 \u2013 ORLEN OIL, TUNING SHOW 2012\"\n                    src=\"https:\/\/expomont.pl\/wp-content\/gallery\/stoiska-indywidualne\/thumbs\/thumbs_ORLEN-OIL-targi-TUNING-SHOW-2012_1.jpg\"\n                    width=\"240\"\n                    height=\"160\"\n                    style=\"max-width:100%;\"\n                \/>\n            <\/a>\n        <\/div>\n\t\t\t\t\t\t\t<\/div> \n\t\t\t\n\t\t\t\t<div id=\"ngg-image-39\" class=\"ngg-gallery-thumbnail-box\" >\n\t\t\t\t        <div class=\"ngg-gallery-thumbnail\">\n            <a href=\"https:\/\/expomont.pl\/wp-content\/gallery\/stoiska-indywidualne\/1_AUTODESK-targi-INSTALACJE-2012.jpg\"\n               title=\"Stoisko indywidualne 3 \u2013 AUTODESK, INSTALACJE 2012\"\n               data-src=\"https:\/\/expomont.pl\/wp-content\/gallery\/stoiska-indywidualne\/1_AUTODESK-targi-INSTALACJE-2012.jpg\"\n               data-thumbnail=\"https:\/\/expomont.pl\/wp-content\/gallery\/stoiska-indywidualne\/thumbs\/thumbs_1_AUTODESK-targi-INSTALACJE-2012.jpg\"\n               data-image-id=\"3\"\n               data-title=\"Stoisko indywidualne 3 \u2013 AUTODESK, INSTALACJE 2012\"\n               data-description=\"Stoisko indywidualne 3 \u2013 AUTODESK, INSTALACJE 2012\"\n               data-image-slug=\"1_autodesk-targi-instalacje-2012\"\n               class=\"ngg-simplelightbox\" rel=\"05a449075c8b3c9f9d05d8f03b51a5d4\">\n                <img\n                    title=\"Stoisko indywidualne 3 \u2013 AUTODESK, INSTALACJE 2012\"\n                    alt=\"Stoisko indywidualne 3 \u2013 AUTODESK, INSTALACJE 2012\"\n                    src=\"https:\/\/expomont.pl\/wp-content\/gallery\/stoiska-indywidualne\/thumbs\/thumbs_1_AUTODESK-targi-INSTALACJE-2012.jpg\"\n                    width=\"240\"\n                    height=\"160\"\n                    style=\"max-width:100%;\"\n                \/>\n            <\/a>\n        <\/div>\n\t\t\t\t\t\t\t<\/div> \n\t\t\t\n\t\t\t\t<div id=\"ngg-image-40\" class=\"ngg-gallery-thumbnail-box\" >\n\t\t\t\t        <div class=\"ngg-gallery-thumbnail\">\n            <a href=\"https:\/\/expomont.pl\/wp-content\/gallery\/stoiska-indywidualne\/1_PHMET-targi-MACHTOOL-2011.jpg\"\n               title=\"Stoisko indywidualne 15 \u2013 PHMET, MACHTOOL 2011\"\n               data-src=\"https:\/\/expomont.pl\/wp-content\/gallery\/stoiska-indywidualne\/1_PHMET-targi-MACHTOOL-2011.jpg\"\n               data-thumbnail=\"https:\/\/expomont.pl\/wp-content\/gallery\/stoiska-indywidualne\/thumbs\/thumbs_1_PHMET-targi-MACHTOOL-2011.jpg\"\n               data-image-id=\"15\"\n               data-title=\"Stoisko indywidualne 15 \u2013 PHMET, MACHTOOL 2011\"\n               data-description=\"Stoisko indywidualne 15 \u2013 PHMET, MACHTOOL 2011\"\n               data-image-slug=\"1_phmet-targi-machtool-2011\"\n               class=\"ngg-simplelightbox\" rel=\"05a449075c8b3c9f9d05d8f03b51a5d4\">\n                <img\n                    title=\"Stoisko indywidualne 15 \u2013 PHMET, MACHTOOL 2011\"\n                    alt=\"Stoisko indywidualne 15 \u2013 PHMET, MACHTOOL 2011\"\n                    src=\"https:\/\/expomont.pl\/wp-content\/gallery\/stoiska-indywidualne\/thumbs\/thumbs_1_PHMET-targi-MACHTOOL-2011.jpg\"\n                    width=\"240\"\n                    height=\"160\"\n                    style=\"max-width:100%;\"\n                \/>\n            <\/a>\n        <\/div>\n\t\t\t\t\t\t\t<\/div> \n\t\t\t\n\t\t\t\t<div id=\"ngg-image-41\" class=\"ngg-gallery-thumbnail-box\" >\n\t\t\t\t        <div class=\"ngg-gallery-thumbnail\">\n            <a href=\"https:\/\/expomont.pl\/wp-content\/gallery\/stoiska-indywidualne\/1_AUTODESK-targi-MACHTOOL-20111.jpg\"\n               title=\"Stoisko indywidualne 4 \u2013 AUTODESK, MACHTOOL 2011\"\n               data-src=\"https:\/\/expomont.pl\/wp-content\/gallery\/stoiska-indywidualne\/1_AUTODESK-targi-MACHTOOL-20111.jpg\"\n               data-thumbnail=\"https:\/\/expomont.pl\/wp-content\/gallery\/stoiska-indywidualne\/thumbs\/thumbs_1_AUTODESK-targi-MACHTOOL-20111.jpg\"\n               data-image-id=\"4\"\n               data-title=\"Stoisko indywidualne 4 \u2013 AUTODESK, MACHTOOL 2011\"\n               data-description=\"Stoisko indywidualne 4 \u2013 AUTODESK, MACHTOOL 2011\"\n               data-image-slug=\"1_autodesk-targi-machtool-20111\"\n               class=\"ngg-simplelightbox\" rel=\"05a449075c8b3c9f9d05d8f03b51a5d4\">\n                <img\n                    title=\"Stoisko indywidualne 4 \u2013 AUTODESK, MACHTOOL 2011\"\n                    alt=\"Stoisko indywidualne 4 \u2013 AUTODESK, MACHTOOL 2011\"\n                    src=\"https:\/\/expomont.pl\/wp-content\/gallery\/stoiska-indywidualne\/thumbs\/thumbs_1_AUTODESK-targi-MACHTOOL-20111.jpg\"\n                    width=\"240\"\n                    height=\"160\"\n                    style=\"max-width:100%;\"\n                \/>\n            <\/a>\n        <\/div>\n\t\t\t\t\t\t\t<\/div> \n\t\t\t\n\t\t\t\t<div id=\"ngg-image-42\" class=\"ngg-gallery-thumbnail-box\" >\n\t\t\t\t        <div class=\"ngg-gallery-thumbnail\">\n            <a href=\"https:\/\/expomont.pl\/wp-content\/gallery\/stoiska-indywidualne\/1_AUTODESK-targi-AUTOSTRADA-2010.jpg\"\n               title=\"Stoisko indywidualne 1 \u2013 AUTODESK, AUTOSTRADA 2010\"\n               data-src=\"https:\/\/expomont.pl\/wp-content\/gallery\/stoiska-indywidualne\/1_AUTODESK-targi-AUTOSTRADA-2010.jpg\"\n               data-thumbnail=\"https:\/\/expomont.pl\/wp-content\/gallery\/stoiska-indywidualne\/thumbs\/thumbs_1_AUTODESK-targi-AUTOSTRADA-2010.jpg\"\n               data-image-id=\"1\"\n               data-title=\"Stoisko indywidualne 1 \u2013 AUTODESK, AUTOSTRADA 2010\"\n               data-description=\"Stoisko indywidualne 1 \u2013 AUTODESK, AUTOSTRADA 2010\"\n               data-image-slug=\"1_autodesk-targi-autostrada-2010\"\n               class=\"ngg-simplelightbox\" rel=\"05a449075c8b3c9f9d05d8f03b51a5d4\">\n                <img\n                    title=\"Stoisko indywidualne 1 \u2013 AUTODESK, AUTOSTRADA 2010\"\n                    alt=\"Stoisko indywidualne 1 \u2013 AUTODESK, AUTOSTRADA 2010\"\n                    src=\"https:\/\/expomont.pl\/wp-content\/gallery\/stoiska-indywidualne\/thumbs\/thumbs_1_AUTODESK-targi-AUTOSTRADA-2010.jpg\"\n                    width=\"240\"\n                    height=\"160\"\n                    style=\"max-width:100%;\"\n                \/>\n            <\/a>\n        <\/div>\n\t\t\t\t\t\t\t<\/div> \n\t\t\t\n\t\t\t\t<div id=\"ngg-image-43\" class=\"ngg-gallery-thumbnail-box\" >\n\t\t\t\t        <div class=\"ngg-gallery-thumbnail\">\n            <a href=\"https:\/\/expomont.pl\/wp-content\/gallery\/stoiska-indywidualne\/stoisko_indywidualne12_1.jpg\"\n               title=\"Stoisko indywidualne 22 \u2013 TURCJA\"\n               data-src=\"https:\/\/expomont.pl\/wp-content\/gallery\/stoiska-indywidualne\/stoisko_indywidualne12_1.jpg\"\n               data-thumbnail=\"https:\/\/expomont.pl\/wp-content\/gallery\/stoiska-indywidualne\/thumbs\/thumbs_stoisko_indywidualne12_1.jpg\"\n               data-image-id=\"187\"\n               data-title=\"Stoisko indywidualne 22 \u2013 TURCJA\"\n               data-description=\"Stoisko indywidualne 22 \u2013 TURCJA\"\n               data-image-slug=\"stoisko_indywidualne12_1\"\n               class=\"ngg-simplelightbox\" rel=\"05a449075c8b3c9f9d05d8f03b51a5d4\">\n                <img\n                    title=\"Stoisko indywidualne 22 \u2013 TURCJA\"\n                    alt=\"Stoisko indywidualne 22 \u2013 TURCJA\"\n                    src=\"https:\/\/expomont.pl\/wp-content\/gallery\/stoiska-indywidualne\/thumbs\/thumbs_stoisko_indywidualne12_1.jpg\"\n                    width=\"240\"\n                    height=\"160\"\n                    style=\"max-width:100%;\"\n                \/>\n            <\/a>\n        <\/div>\n\t\t\t\t\t\t\t<\/div> \n\t\t\t\n\t\t\t\t<div id=\"ngg-image-44\" class=\"ngg-gallery-thumbnail-box\" >\n\t\t\t\t        <div class=\"ngg-gallery-thumbnail\">\n            <a href=\"https:\/\/expomont.pl\/wp-content\/gallery\/stoiska-indywidualne\/1_OMS-Polska-targi-IDF-2006.jpg\"\n               title=\"Stoisko indywidualne 14 \u2013 OMS POLSKA, IDF 2006\"\n               data-src=\"https:\/\/expomont.pl\/wp-content\/gallery\/stoiska-indywidualne\/1_OMS-Polska-targi-IDF-2006.jpg\"\n               data-thumbnail=\"https:\/\/expomont.pl\/wp-content\/gallery\/stoiska-indywidualne\/thumbs\/thumbs_1_OMS-Polska-targi-IDF-2006.jpg\"\n               data-image-id=\"14\"\n               data-title=\"Stoisko indywidualne 14 \u2013 OMS POLSKA, IDF 2006\"\n               data-description=\"Stoisko indywidualne 14 \u2013 OMS POLSKA, IDF 2006\"\n               data-image-slug=\"1_oms-polska-targi-idf-2006\"\n               class=\"ngg-simplelightbox\" rel=\"05a449075c8b3c9f9d05d8f03b51a5d4\">\n                <img\n                    title=\"Stoisko indywidualne 14 \u2013 OMS POLSKA, IDF 2006\"\n                    alt=\"Stoisko indywidualne 14 \u2013 OMS POLSKA, IDF 2006\"\n                    src=\"https:\/\/expomont.pl\/wp-content\/gallery\/stoiska-indywidualne\/thumbs\/thumbs_1_OMS-Polska-targi-IDF-2006.jpg\"\n                    width=\"240\"\n                    height=\"160\"\n                    style=\"max-width:100%;\"\n                \/>\n            <\/a>\n        <\/div>\n\t\t\t\t\t\t\t<\/div> \n\t\t\t\n\t\t\t\t<div id=\"ngg-image-45\" class=\"ngg-gallery-thumbnail-box\" >\n\t\t\t\t        <div class=\"ngg-gallery-thumbnail\">\n            <a href=\"https:\/\/expomont.pl\/wp-content\/gallery\/stoiska-indywidualne\/stoisko_indywidualne152_1.jpg\"\n               title=\"Stoisko indywidualne 24 \u2013 OMS\"\n               data-src=\"https:\/\/expomont.pl\/wp-content\/gallery\/stoiska-indywidualne\/stoisko_indywidualne152_1.jpg\"\n               data-thumbnail=\"https:\/\/expomont.pl\/wp-content\/gallery\/stoiska-indywidualne\/thumbs\/thumbs_stoisko_indywidualne152_1.jpg\"\n               data-image-id=\"189\"\n               data-title=\"Stoisko indywidualne 24 \u2013 OMS\"\n               data-description=\"Stoisko indywidualne 24 \u2013 OMS\"\n               data-image-slug=\"stoisko_indywidualne152_1\"\n               class=\"ngg-simplelightbox\" rel=\"05a449075c8b3c9f9d05d8f03b51a5d4\">\n                <img\n                    title=\"Stoisko indywidualne 24 \u2013 OMS\"\n                    alt=\"Stoisko indywidualne 24 \u2013 OMS\"\n                    src=\"https:\/\/expomont.pl\/wp-content\/gallery\/stoiska-indywidualne\/thumbs\/thumbs_stoisko_indywidualne152_1.jpg\"\n                    width=\"240\"\n                    height=\"160\"\n                    style=\"max-width:100%;\"\n                \/>\n            <\/a>\n        <\/div>\n\t\t\t\t\t\t\t<\/div> \n\t\t\t\n\t\t\t\t<div id=\"ngg-image-46\" class=\"ngg-gallery-thumbnail-box\" >\n\t\t\t\t        <div class=\"ngg-gallery-thumbnail\">\n            <a href=\"https:\/\/expomont.pl\/en\/wp-content\/gallery\/stoiska-indywidualne\/WSiP-Targi-Ksi%C4%85%C5%BCki-w-Krakowie-2005_1.jpg\/\"\n               title=\"Stoisko indywidualne 26 \u2013 WSIP, TARGI KSI\u0104\u017bKI W KRAKOWIE 2005\"\n               data-src=\"https:\/\/expomont.pl\/wp-content\/gallery\/stoiska-indywidualne\/WSiP-Targi-Ksi%C4%85%C5%BCki-w-Krakowie-2005_1.jpg\"\n               data-thumbnail=\"https:\/\/expomont.pl\/wp-content\/gallery\/stoiska-indywidualne\/thumbs\/thumbs_WSiP-Targi-Ksi%C4%85%C5%BCki-w-Krakowie-2005_1.jpg\"\n               data-image-id=\"191\"\n               data-title=\"Stoisko indywidualne 26 \u2013 WSIP, TARGI KSI\u0104\u017bKI W KRAKOWIE 2005\"\n               data-description=\"Stoisko indywidualne 26 \u2013 WSIP, TARGI KSI\u0104\u017bKI W KRAKOWIE 2005\"\n               data-image-slug=\"wsip-targi-ksi%c4%85%c5%bcki-w-krakowie-2005_1\"\n               class=\"ngg-simplelightbox\" rel=\"05a449075c8b3c9f9d05d8f03b51a5d4\">\n                <img\n                    title=\"Stoisko indywidualne 26 \u2013 WSIP, TARGI KSI\u0104\u017bKI W KRAKOWIE 2005\"\n                    alt=\"Stoisko indywidualne 26 \u2013 WSIP, TARGI KSI\u0104\u017bKI W KRAKOWIE 2005\"\n                    src=\"https:\/\/expomont.pl\/wp-content\/gallery\/stoiska-indywidualne\/thumbs\/thumbs_WSiP-Targi-Ksi%C4%85%C5%BCki-w-Krakowie-2005_1.jpg\"\n                    width=\"240\"\n                    height=\"160\"\n                    style=\"max-width:100%;\"\n                \/>\n            <\/a>\n        <\/div>\n\t\t\t\t\t\t\t<\/div> \n\t\t\t\n\t\t\t\t<div id=\"ngg-image-47\" class=\"ngg-gallery-thumbnail-box\" >\n\t\t\t\t        <div class=\"ngg-gallery-thumbnail\">\n            <a href=\"https:\/\/expomont.pl\/wp-content\/gallery\/stoiska-indywidualne\/stoisko_indywidualne148_1.jpg\"\n               title=\"Stoisko indywidualne 23 \u2013 GENT\"\n               data-src=\"https:\/\/expomont.pl\/wp-content\/gallery\/stoiska-indywidualne\/stoisko_indywidualne148_1.jpg\"\n               data-thumbnail=\"https:\/\/expomont.pl\/wp-content\/gallery\/stoiska-indywidualne\/thumbs\/thumbs_stoisko_indywidualne148_1.jpg\"\n               data-image-id=\"188\"\n               data-title=\"Stoisko indywidualne 23 \u2013 GENT\"\n               data-description=\"Stoisko indywidualne 23 \u2013 GENT\"\n               data-image-slug=\"stoisko_indywidualne148_1\"\n               class=\"ngg-simplelightbox\" rel=\"05a449075c8b3c9f9d05d8f03b51a5d4\">\n                <img\n                    title=\"Stoisko indywidualne 23 \u2013 GENT\"\n                    alt=\"Stoisko indywidualne 23 \u2013 GENT\"\n                    src=\"https:\/\/expomont.pl\/wp-content\/gallery\/stoiska-indywidualne\/thumbs\/thumbs_stoisko_indywidualne148_1.jpg\"\n                    width=\"240\"\n                    height=\"160\"\n                    style=\"max-width:100%;\"\n                \/>\n            <\/a>\n        <\/div>\n\t\t\t\t\t\t\t<\/div> \n\t\t\t\n\t\n\t<br style=\"clear: both\" \/>\n\n\t\n\t\t<div class=\"ngg-clear\"><\/div>\n\t<\/div>\n\n<section id=\"accelerate_call_to_action_widget-2\" class=\"widget widget_call_to_action clearfix\">\n<div class=\"call-to-action-content-wrapper clearfix\">\n<div class=\"call-to-action-content\">\n<p class=\" translation-block\">You're not sure whether an individual stand will be a proper choice? You need something less complicated? Please check our <a href=\"\/standardowa-zabudowa-targow\/\" target=\"_self\"><b>standard stands offer!<\/b><\/a><\/p>\n<p>In you need more information \u2013 contact us! We will do our best to advise you!<\/p>\n<\/div>\n<p><a class=\"read-more\" title=\"Contact\" href=\"https:\/\/expomont.pl\/en\/kontakt\/\">Contact<\/a><\/p>\n<\/div>\n<\/section>\n<p>&nbsp;<\/p>\n<div class=\"call-to-action-content\">\n<h4>Trusted us:<\/h4>\n<\/div>\n\t\t\t\t<style>\t\t\t\n\t\t\t#wpls-logo-showcase-slider-1 .wpls-fix-box,\n\t\t\t#wpls-logo-showcase-slider-1 .wpls-fix-box img.wp-post-image{max-height:250px; }\n\t\t<\/style>\n\t\t<div class=\"wpls-logo-showcase-slider-wrp wpls-logo-clearfix\" data-conf=\"{&quot;slides_column&quot;:4,&quot;slides_scroll&quot;:1,&quot;dots&quot;:&quot;false&quot;,&quot;arrows&quot;:&quot;false&quot;,&quot;autoplay&quot;:&quot;true&quot;,&quot;autoplay_interval&quot;:2000,&quot;loop&quot;:&quot;true&quot;,&quot;rtl&quot;:&quot;false&quot;,&quot;speed&quot;:1000,&quot;center_mode&quot;:&quot;false&quot;,&quot;lazyload&quot;:&quot;&quot;}\">\n\t\t\t<div class=\"wpls-logo-showcase logo_showcase wpls-logo-slider  wpls-design-1  sliderimage_hide_border wpls-dots-false\" id=\"wpls-logo-showcase-slider-1\" >\n\t\t\t\t\n<div class=\"wpls-logo-cnt\">\n\t<div class=\"wpls-fix-box\">\n\t\t\t\t\t<a href=\"https:\/\/www.autodesk.pl\/\" target=\"_blank\">\n\t\t\t\t<img class=\"wp-post-image\"  src=\"https:\/\/expomont.pl\/wp-content\/uploads\/2020\/05\/autodesk.jpg\" title=\"autodesk\" alt=\"autodesk\" \/>\n\t\t\t<\/a>\n\t\t\t<\/div>\n\t<\/div>\n<div class=\"wpls-logo-cnt\">\n\t<div class=\"wpls-fix-box\">\n\t\t\t\t\t<a href=\"http:\/\/www.dentalholding.com\/\" target=\"_blank\">\n\t\t\t\t<img class=\"wp-post-image\"  src=\"https:\/\/expomont.pl\/wp-content\/uploads\/2020\/05\/DentalHolding.jpg\" title=\"DentalHolding\" alt=\"DentalHolding\" \/>\n\t\t\t<\/a>\n\t\t\t<\/div>\n\t<\/div>\n<div class=\"wpls-logo-cnt\">\n\t<div class=\"wpls-fix-box\">\n\t\t\t\t\t<a href=\"https:\/\/kongres.lne.pl\/\" target=\"_blank\">\n\t\t\t\t<img class=\"wp-post-image\"  src=\"https:\/\/expomont.pl\/wp-content\/uploads\/2020\/05\/kongres-targi-LNE.jpg\" title=\"Kongres i Targi Kosmetyczne LNE\" alt=\"Kongres i Targi Kosmetyczne LNE\" \/>\n\t\t\t<\/a>\n\t\t\t<\/div>\n\t<\/div>\n<div class=\"wpls-logo-cnt\">\n\t<div class=\"wpls-fix-box\">\n\t\t\t\t\t<a href=\"https:\/\/www.lvdgroup.com\/pl\" target=\"_blank\">\n\t\t\t\t<img class=\"wp-post-image\"  src=\"https:\/\/expomont.pl\/wp-content\/uploads\/2020\/05\/lvd.jpg\" title=\"LVD\" alt=\"LVD\" \/>\n\t\t\t<\/a>\n\t\t\t<\/div>\n\t<\/div>\n<div class=\"wpls-logo-cnt\">\n\t<div class=\"wpls-fix-box\">\n\t\t\t\t\t<a href=\"http:\/\/www.oms.pl\/\" target=\"_blank\">\n\t\t\t\t<img class=\"wp-post-image\"  src=\"https:\/\/expomont.pl\/wp-content\/uploads\/2020\/05\/OMS.jpg\" title=\"OMS\" alt=\"OMS\" \/>\n\t\t\t<\/a>\n\t\t\t<\/div>\n\t<\/div>\n<div class=\"wpls-logo-cnt\">\n\t<div class=\"wpls-fix-box\">\n\t\t\t\t\t<a href=\"https:\/\/www.orlenoil.pl\/PL\/Strony\/default.aspx\" target=\"_blank\">\n\t\t\t\t<img class=\"wp-post-image\"  src=\"https:\/\/expomont.pl\/wp-content\/uploads\/2020\/05\/orlen-oil.jpg\" title=\"Orlen OIL\" alt=\"Orlen OIL\" \/>\n\t\t\t<\/a>\n\t\t\t<\/div>\n\t<\/div>\n<div class=\"wpls-logo-cnt\">\n\t<div class=\"wpls-fix-box\">\n\t\t\t\t\t<a href=\"https:\/\/platon.com.pl\/\" target=\"_blank\">\n\t\t\t\t<img class=\"wp-post-image\"  src=\"https:\/\/expomont.pl\/wp-content\/uploads\/2020\/05\/platon-dystrybucja-ksiazek.jpg\" title=\"Platon Dystrybucja Ksi\u0105\u017cek\" alt=\"Platon Dystrybucja Ksi\u0105\u017cek\" \/>\n\t\t\t<\/a>\n\t\t\t<\/div>\n\t<\/div>\n<div class=\"wpls-logo-cnt\">\n\t<div class=\"wpls-fix-box\">\n\t\t\t\t\t<a href=\"https:\/\/polsver.pl\/\" target=\"_blank\">\n\t\t\t\t<img class=\"wp-post-image\"  src=\"https:\/\/expomont.pl\/wp-content\/uploads\/2020\/05\/pol-sver.jpg\" title=\"pol-sver\" alt=\"POL-SVER\" \/>\n\t\t\t<\/a>\n\t\t\t<\/div>\n\t<\/div>\n<div class=\"wpls-logo-cnt\">\n\t<div class=\"wpls-fix-box\">\n\t\t\t\t\t<a href=\"https:\/\/www.spotkaniesadownicze.pl\/\" target=\"_blank\">\n\t\t\t\t<img class=\"wp-post-image\"  src=\"https:\/\/expomont.pl\/wp-content\/uploads\/2020\/05\/sandomierskie-spotkanie-sadownicze.jpg\" title=\"Sandomierskie Spotkania Sadownicze\" alt=\"Sandomierskie Spotkania Sadownicze\" \/>\n\t\t\t<\/a>\n\t\t\t<\/div>\n\t<\/div>\n<div class=\"wpls-logo-cnt\">\n\t<div class=\"wpls-fix-box\">\n\t\t\t\t\t<a href=\"https:\/\/www.wh.com\/pl_poland\/\" target=\"_blank\">\n\t\t\t\t<img class=\"wp-post-image\"  src=\"https:\/\/expomont.pl\/wp-content\/uploads\/2020\/05\/WandH.jpg\" title=\"W&#038;H\" alt=\"W&amp;H\" \/>\n\t\t\t<\/a>\n\t\t\t<\/div>\n\t<\/div>\n<div class=\"wpls-logo-cnt\">\n\t<div class=\"wpls-fix-box\">\n\t\t\t\t\t<a href=\"https:\/\/wydawnictwowam.pl\/\" target=\"_blank\">\n\t\t\t\t<img class=\"wp-post-image\"  src=\"https:\/\/expomont.pl\/wp-content\/uploads\/2020\/05\/wydawnictwo-WAM.jpg\" title=\"Wydawnictwo WAM\" alt=\"Wydawnictwo WAM\" \/>\n\t\t\t<\/a>\n\t\t\t<\/div>\n\t<\/div>\n<div class=\"wpls-logo-cnt\">\n\t<div class=\"wpls-fix-box\">\n\t\t\t\t\t<a href=\"https:\/\/targi.krakow.pl\/pl\/\" target=\"_blank\">\n\t\t\t\t<img class=\"wp-post-image\"  src=\"https:\/\/expomont.pl\/wp-content\/uploads\/2020\/05\/targi-w-krakowie.jpg\" title=\"targi-w-krakowie\" alt=\"targi-w-krakowie\" \/>\n\t\t\t<\/a>\n\t\t\t<\/div>\n\t<\/div>\n<div class=\"wpls-logo-cnt\">\n\t<div class=\"wpls-fix-box\">\n\t\t\t\t\t<a href=\"https:\/\/www.manitowoccranes.com\/\" target=\"_blank\">\n\t\t\t\t<img class=\"wp-post-image\"  src=\"https:\/\/expomont.pl\/wp-content\/uploads\/2020\/05\/manitowoc.jpg\" title=\"Manitowoc\" alt=\"Manitowoc\" \/>\n\t\t\t<\/a>\n\t\t\t<\/div>\n\t<\/div>\t\t\t<\/div>\n\t\t<\/div>\n\t\t\t\n\t\t\n<p><span style=\"color: #f7f7f7;\">stoisko na targach w Krakowie, targi w Warszawie, targi w Poznaniu, tanie stoiska, wycena stoiska, cena stoiska targowego, stoisko wystawiennicze, ile kosztuje stoisko na targach, ile kosztuje stoisko targowe&nbsp;<\/span><\/p>","protected":false},"excerpt":{"rendered":"<p>Czym s\u0105 stoiska indywidualne? Co oferujemy? Stoiska tego typu pozwalaj\u0105 wyr\u00f3\u017cni\u0107 si\u0119 spo\u015br\u00f3d innych wystawc\u00f3w na targach. Wysokiej jako\u015bci materia\u0142y, nietypowe konstrukcje czy odpowiednio dobrane o\u015bwietlenie potrafi\u0105 z daleka przyku\u0107 wzrok odwiedzaj\u0105cych. Stoiska indywidualne realizujemy zar\u00f3wno przy u\u017cyciu sprawdzonych system\u00f3w<\/p>","protected":false},"author":1,"featured_media":0,"parent":0,"menu_order":0,"comment_status":"closed","ping_status":"closed","template":"","meta":{"ngg_post_thumbnail":0},"yoast_head":"<!-- This site is optimized with the Yoast SEO plugin v16.1.1 - https:\/\/yoast.com\/wordpress\/plugins\/seo\/ -->\n<title>Indywidualne stoiska targowe &middot; EXPO-MONT &middot; Krak\u00f3w<\/title>\n<meta name=\"description\" content=\"Wyr\u00f3\u017cnij si\u0119 spo\u015br\u00f3d innych wystawc\u00f3w! Zaprojektujemy Twoje stoisko na targi w Krakowie, Warszawie, czy Wroc\u0142awiu. Budujemy na eventach w ca\u0142ej Polsce!\" \/>\n<link rel=\"canonical\" href=\"https:\/\/expomont.pl\/en\/indywidualne-stoiska-targowe\/\" \/>\n<meta property=\"og:locale\" content=\"en_GB\" \/>\n<meta property=\"og:type\" content=\"article\" \/>\n<meta property=\"og:title\" content=\"Indywidualne stoiska targowe &middot; EXPO-MONT &middot; Krak\u00f3w\" \/>\n<meta property=\"og:description\" content=\"Wyr\u00f3\u017cnij si\u0119 spo\u015br\u00f3d innych wystawc\u00f3w! Zaprojektujemy Twoje stoisko na targi w Krakowie, Warszawie, czy Wroc\u0142awiu. Budujemy na eventach w ca\u0142ej Polsce!\" \/>\n<meta property=\"og:url\" content=\"https:\/\/expomont.pl\/en\/indywidualne-stoiska-targowe\/\" \/>\n<meta property=\"og:site_name\" content=\"EXPO-MONT\" \/>\n<meta property=\"article:modified_time\" content=\"2025-01-26T09:30:08+00:00\" \/>\n<meta name=\"twitter:card\" content=\"summary_large_image\" \/>\n<meta name=\"twitter:label1\" content=\"Estimated reading time\">\n\t<meta name=\"twitter:data1\" content=\"2 minutes\">\n<script type=\"application\/ld+json\" class=\"yoast-schema-graph\">{\"@context\":\"https:\/\/schema.org\",\"@graph\":[{\"@type\":\"Organization\",\"@id\":\"https:\/\/expomont.pl\/#organization\",\"name\":\"EXPO-MONT Grzegorz Bogusz, Piotr Bogusz\",\"url\":\"https:\/\/expomont.pl\/\",\"sameAs\":[],\"logo\":{\"@type\":\"ImageObject\",\"@id\":\"https:\/\/expomont.pl\/#logo\",\"inLanguage\":\"en-GB\",\"url\":\"https:\/\/expomont.pl\/wp-content\/uploads\/2020\/05\/Logo_Expomont_150px_LOGO-DARK.png\",\"contentUrl\":\"https:\/\/expomont.pl\/wp-content\/uploads\/2020\/05\/Logo_Expomont_150px_LOGO-DARK.png\",\"width\":401,\"height\":131,\"caption\":\"EXPO-MONT Grzegorz Bogusz, Piotr Bogusz\"},\"image\":{\"@id\":\"https:\/\/expomont.pl\/#logo\"}},{\"@type\":\"WebSite\",\"@id\":\"https:\/\/expomont.pl\/#website\",\"url\":\"https:\/\/expomont.pl\/\",\"name\":\"EXPO-MONT\",\"description\":\"Standardowa zabudowa targowa, indywidualne stoiska targowe, szatnie i inne! Dzia\\u0142amy na terenie ca\\u0142ej Polski. 25 lat do\\u015bwiadczenia w bran\\u017cy!\",\"publisher\":{\"@id\":\"https:\/\/expomont.pl\/#organization\"},\"potentialAction\":[{\"@type\":\"SearchAction\",\"target\":\"https:\/\/expomont.pl\/?s={search_term_string}\",\"query-input\":\"required name=search_term_string\"}],\"inLanguage\":\"en-GB\"},{\"@type\":\"WebPage\",\"@id\":\"https:\/\/expomont.pl\/indywidualne-stoiska-targowe\/#webpage\",\"url\":\"https:\/\/expomont.pl\/indywidualne-stoiska-targowe\/\",\"name\":\"Indywidualne stoiska targowe &middot; EXPO-MONT &middot; Krak\\u00f3w\",\"isPartOf\":{\"@id\":\"https:\/\/expomont.pl\/#website\"},\"datePublished\":\"2020-05-24T19:37:12+00:00\",\"dateModified\":\"2025-01-26T09:30:08+00:00\",\"description\":\"Wyr\\u00f3\\u017cnij si\\u0119 spo\\u015br\\u00f3d innych wystawc\\u00f3w! Zaprojektujemy Twoje stoisko na targi w Krakowie, Warszawie, czy Wroc\\u0142awiu. Budujemy na eventach w ca\\u0142ej Polsce!\",\"breadcrumb\":{\"@id\":\"https:\/\/expomont.pl\/indywidualne-stoiska-targowe\/#breadcrumb\"},\"inLanguage\":\"en-GB\",\"potentialAction\":[{\"@type\":\"ReadAction\",\"target\":[\"https:\/\/expomont.pl\/indywidualne-stoiska-targowe\/\"]}]},{\"@type\":\"BreadcrumbList\",\"@id\":\"https:\/\/expomont.pl\/indywidualne-stoiska-targowe\/#breadcrumb\",\"itemListElement\":[{\"@type\":\"ListItem\",\"position\":1,\"item\":{\"@type\":\"WebPage\",\"@id\":\"https:\/\/expomont.pl\/\",\"url\":\"https:\/\/expomont.pl\/\",\"name\":\"Strona g\\u0142\\u00f3wna\"}},{\"@type\":\"ListItem\",\"position\":2,\"item\":{\"@type\":\"WebPage\",\"@id\":\"https:\/\/expomont.pl\/indywidualne-stoiska-targowe\/\",\"url\":\"https:\/\/expomont.pl\/indywidualne-stoiska-targowe\/\",\"name\":\"Indywidualne stoiska targowe\"}}]}]}<\/script>\n<!-- \/ Yoast SEO plugin. -->","_links":{"self":[{"href":"https:\/\/expomont.pl\/en\/wp-json\/wp\/v2\/pages\/295"}],"collection":[{"href":"https:\/\/expomont.pl\/en\/wp-json\/wp\/v2\/pages"}],"about":[{"href":"https:\/\/expomont.pl\/en\/wp-json\/wp\/v2\/types\/page"}],"author":[{"embeddable":true,"href":"https:\/\/expomont.pl\/en\/wp-json\/wp\/v2\/users\/1"}],"replies":[{"embeddable":true,"href":"https:\/\/expomont.pl\/en\/wp-json\/wp\/v2\/comments?post=295"}],"version-history":[{"count":21,"href":"https:\/\/expomont.pl\/en\/wp-json\/wp\/v2\/pages\/295\/revisions"}],"predecessor-version":[{"id":416,"href":"https:\/\/expomont.pl\/en\/wp-json\/wp\/v2\/pages\/295\/revisions\/416"}],"wp:attachment":[{"href":"https:\/\/expomont.pl\/en\/wp-json\/wp\/v2\/media?parent=295"}],"curies":[{"name":"wp","href":"https:\/\/api.w.org\/{rel}","templated":true}]}}