{"id":3,"date":"2025-05-01T18:36:07","date_gmt":"2025-05-01T18:36:07","guid":{"rendered":"http:\/\/expomont.mbogusz.pl\/?page_id=3"},"modified":"2025-09-27T08:07:12","modified_gmt":"2025-09-27T08:07:12","slug":"polityka-prywatnosci","status":"publish","type":"page","link":"https:\/\/expomont.pl\/en\/polityka-prywatnosci\/","title":{"rendered":"Polityka prywatno\u015bci"},"content":{"rendered":"<div class=\"elementor-element elementor-element-c0f6dfd e-flex e-con-boxed e-con e-parent e-lazyloaded\" data-id=\"c0f6dfd\" data-element_type=\"container\">\n<div class=\"e-con-inner\">\n<div class=\"elementor-element elementor-element-5bb4a33 e-con-full e-flex e-con e-child\" data-id=\"5bb4a33\" data-element_type=\"container\">\n<div class=\"elementor-element elementor-element-2c9d3c0 elementor-widget elementor-widget-text-editor\" data-id=\"2c9d3c0\" data-element_type=\"widget\" data-widget_type=\"text-editor.default\">\n<div class=\"elementor-widget-container\">\n<p><strong>Ostatnia aktualizacja 01-Maj-2025&nbsp;<\/strong><\/p>\n<p>Niniejsza Polityka prywatno\u015bci opisuje zasady dotycz\u0105ce gromadzenia, wykorzystywania i ujawniania informacji, kt\u00f3re zbieramy podczas korzystania z naszej strony internetowej ( https:\/\/expomont.pl ). (\u201eUs\u0142uga\u201d). Korzystaj\u0105c z Us\u0142ugi, wyra\u017casz zgod\u0119 na gromadzenie, wykorzystywanie i ujawnianie swoich danych zgodnie z niniejsz\u0105 Polityk\u0105 prywatno\u015bci. Je\u015bli nie wyra\u017casz na to zgody, prosimy o niekorzystanie z Us\u0142ugi.<\/p>\n<p>Mo\u017cemy modyfikowa\u0107 niniejsz\u0105 Polityk\u0119 prywatno\u015bci w dowolnym momencie bez uprzedniego powiadomienia i opublikujemy zmienion\u0105 Polityk\u0119 prywatno\u015bci w Us\u0142udze. Zmieniona Polityka wejdzie w \u017cycie 180 dni od momentu opublikowania jej w Us\u0142udze, a dalsze korzystanie z Us\u0142ugi po up\u0142ywie tego czasu b\u0119dzie oznacza\u0142o akceptacj\u0119 zmienionej Polityki prywatno\u015bci. Dlatego zalecamy okresowe sprawdzanie tej strony.<\/p>\n<p>&nbsp;<\/p>\n<p><strong>Gromadzone informacje:<\/strong><br \/>\nB\u0119dziemy gromadzi\u0107 i przetwarza\u0107 nast\u0119puj\u0105ce dane osobowe u\u017cytkownika:<\/p>\n<ul>\n<li>Dane przes\u0142ane na adresy mailowe dost\u0119pne na stronie (adres email, imi\u0119 nazwisko);<\/li>\n<li>Dane analityczne przegl\u0105darki \/ cookies;<\/li>\n<\/ul>\n<p>&nbsp;<\/p>\n<p><strong>W jaki spos\u00f3b wykorzystujemy Twoje dane:<\/strong><br \/>\nWykorzystamy zebrane informacje o Tobie w nast\u0119puj\u0105cych celach:<\/p>\n<ul>\n<li>w celu udzielenia odpowiedzi na pytania \/ zapytania ofertowe;<\/li>\n<li>w celu ochrony strony internetowej;<\/li>\n<li>w celu analityki ruchu na stronie internetowej;<\/li>\n<\/ul>\n<p>&nbsp;<\/p>\n<p>Je\u015bli b\u0119dziemy chcieli wykorzysta\u0107 Twoje dane w jakimkolwiek innym celu, poprosimy Ci\u0119 o zgod\u0119 i b\u0119dziemy wykorzystywa\u0107 Twoje dane wy\u0142\u0105cznie po uzyskaniu Twojej zgody, a nast\u0119pnie wy\u0142\u0105cznie w celach, na kt\u00f3re wyrazi\u0142e\u015b zgod\u0119, chyba \u017ce przepisy prawa wymagaj\u0105 od nas post\u0119powania w inny spos\u00f3b.<\/p>\n<p>&nbsp;<\/p>\n<p><strong>W jaki spos\u00f3b udost\u0119pniamy Twoje dane:<\/strong><br \/>\nNie b\u0119dziemy przekazywa\u0107 Pa\u0144stwa danych osobowych \u017cadnym podmiotom trzecim bez uzyskania Pa\u0144stwa zgody, z wyj\u0105tkiem ograniczonych okoliczno\u015bci opisanych poni\u017cej:<\/p>\n<ul>\n<li>Technologie analityczne (np. Google Analytics);<\/li>\n<\/ul>\n<p>Wymagamy od takich stron trzecich, aby wykorzystywa\u0142y przekazane im dane osobowe wy\u0142\u0105cznie w celu, w jakim zosta\u0142y przekazane, i nie przechowywa\u0142y ich d\u0142u\u017cej, ni\u017c jest to konieczne do realizacji tego celu.<\/p>\n<p>Mo\u017cemy r\u00f3wnie\u017c ujawni\u0107 dane osobowe u\u017cytkownika w nast\u0119puj\u0105cych przypadkach: (1) w celu zapewnienia zgodno\u015bci z obowi\u0105zuj\u0105cymi przepisami prawa, regulacjami, nakazami s\u0105dowymi lub innymi procedurami prawnymi; (2) w celu egzekwowania um\u00f3w zawartych z u\u017cytkownikiem, w tym niniejszej Polityki prywatno\u015bci; lub (3) w celu odpowiedzi na roszczenia dotycz\u0105ce naruszenia praw os\u00f3b trzecich przez u\u017cytkownika korzystaj\u0105cego z Us\u0142ugi. W przypadku fuzji lub przej\u0119cia Us\u0142ugi lub naszej firmy przez inn\u0105 firm\u0119, dane u\u017cytkownika b\u0119d\u0105 jednym z aktyw\u00f3w przekazanych nowemu w\u0142a\u015bcicielowi.<\/p>\n<p>&nbsp;<\/p>\n<p><strong>Przechowywanie informacji:<\/strong><br \/>\nB\u0119dziemy przechowywa\u0107 Twoje dane osobowe przez okres [zale\u017cny od rozwi\u0105za\u0144 stron trzecich] lub tak d\u0142ugo, jak b\u0119dzie to konieczne do realizacji cel\u00f3w, dla kt\u00f3rych zosta\u0142y zebrane, zgodnie z niniejsz\u0105 Polityk\u0105 prywatno\u015bci. Mo\u017cemy by\u0107 zmuszeni do przechowywania niekt\u00f3rych informacji przez d\u0142u\u017cszy okres, np. w celu prowadzenia dokumentacji\/sprawozdawczo\u015bci zgodnie z obowi\u0105zuj\u0105cym prawem lub z innych uzasadnionych powod\u00f3w, takich jak egzekwowanie praw, zapobieganie oszustwom itp. Pozosta\u0142e informacje anonimowe i zbiorcze, kt\u00f3re nie pozwalaj\u0105 na identyfikacj\u0119 u\u017cytkownika (bezpo\u015brednio ani po\u015brednio), mog\u0105 by\u0107 przechowywane przez czas nieokre\u015blony.<\/p>\n<p>&nbsp;<\/p>\n<p><strong>Twoje prawa:<\/strong><br \/>\nW zale\u017cno\u015bci od obowi\u0105zuj\u0105cych przepis\u00f3w prawa u\u017cytkownik mo\u017ce mie\u0107 prawo do dost\u0119pu do swoich danych osobowych i ich poprawiania lub usuwania, otrzymywania kopii swoich danych osobowych, ograniczania lub sprzeciwiania si\u0119 aktywnemu przetwarzaniu swoich danych, \u017c\u0105dania od nas udost\u0119pnienia (przeniesienia) swoich danych osobowych innemu podmiotowi, wycofania zgody udzielonej nam na przetwarzanie swoich danych, prawa do z\u0142o\u017cenia skargi do organu ustawowego oraz innych praw, kt\u00f3re mog\u0105 mie\u0107 zastosowanie zgodnie z obowi\u0105zuj\u0105cymi przepisami prawa. Aby skorzysta\u0107 z tych praw, mo\u017cesz napisa\u0107 do nas na adres biuro@expomont.pl. Odpowiemy na Twoj\u0105 pro\u015bb\u0119 zgodnie z obowi\u0105zuj\u0105cym prawem.<\/p>\n<p>Do&nbsp;note that if&nbsp;you do&nbsp;not allow us&nbsp;to&nbsp;collect or&nbsp;process the required personal information or&nbsp;withdraw the consent to&nbsp;process the same for the required purposes, you may not be&nbsp;able to&nbsp;access or&nbsp;use the services for which your information was sought.<\/p>\n<p>&nbsp;<\/p>\n<p><strong>Ciasteczka<\/strong><br \/>\nAby dowiedzie\u0107 si\u0119 wi\u0119cej o tym, jak wykorzystujemy te technologie \u015bledzenia oraz o mo\u017cliwo\u015bciach wyboru u\u017cytkownika w tym zakresie, prosimy zapozna\u0107 si\u0119 z nasz\u0105 <a href=\"https:\/\/expomont.pl\/en\/polityka-cookies\/\">Polityk\u0105 plik\u00f3w cookie<\/a>.<\/p>\n<p>&nbsp;<\/p>\n<p><strong>Bezpiecze\u0144stwo:<\/strong><br \/>\nBezpiecze\u0144stwo Twoich danych jest dla nas wa\u017cne i b\u0119dziemy stosowa\u0107 odpowiednie \u015brodki bezpiecze\u0144stwa, aby zapobiec utracie, niew\u0142a\u015bciwemu wykorzystaniu lub nieuprawnionej zmianie danych, kt\u00f3re znajduj\u0105 si\u0119 pod nasz\u0105 kontrol\u0105. Jednak\u017ce, bior\u0105c pod uwag\u0119 nieod\u0142\u0105czne ryzyko, nie mo\u017cemy zagwarantowa\u0107 ca\u0142kowitego bezpiecze\u0144stwa i w zwi\u0105zku z tym nie mo\u017cemy zapewni\u0107 ani zagwarantowa\u0107 bezpiecze\u0144stwa \u017cadnych danych, kt\u00f3re nam przekazujesz, a Ty robisz to na w\u0142asne ryzyko.<\/p>\n<p>&nbsp;<\/p>\n<p><strong>Linki stron trzecich i wykorzystanie informacji u\u017cytkownika:<\/strong><br \/>\nNasza Us\u0142uga mo\u017ce zawiera\u0107 linki do innych stron internetowych, kt\u00f3re nie s\u0105 przez nas obs\u0142ugiwane. Niniejsza Polityka prywatno\u015bci nie dotyczy polityki prywatno\u015bci ani innych praktyk stron trzecich, w tym stron trzecich obs\u0142uguj\u0105cych strony internetowe lub us\u0142ugi, do kt\u00f3rych mo\u017cna uzyska\u0107 dost\u0119p za po\u015brednictwem link\u00f3w zamieszczonych w Us\u0142udze. Zdecydowanie zalecamy zapoznanie si\u0119 z polityk\u0105 prywatno\u015bci ka\u017cdej odwiedzanej strony. Nie mamy kontroli nad tre\u015bci\u0105, polityk\u0105 prywatno\u015bci ani praktykami stron lub us\u0142ug stron trzecich i nie ponosimy za nie \u017cadnej odpowiedzialno\u015bci.<\/p>\n<p>&nbsp;<\/p>\n<p><strong>Inspektor ds. skarg \/ ochrony danych:<\/strong><br \/>\nJe\u015bli masz jakiekolwiek pytania lub w\u0105tpliwo\u015bci dotycz\u0105ce przetwarzania Twoich danych, kt\u00f3re s\u0105 dost\u0119pne w naszej firmie, mo\u017cesz wys\u0142a\u0107 wiadomo\u015b\u0107 e-mail do naszego inspektora ochrony danych EXPO-MONT Grzegorz Bogusz, Piotr Bogusz z siedzib\u0105 pod adresem ul. Centralna 57A, 31-586 Krak\u00f3w, e-mail: biuro@expomont.pl. Odpowiemy na Twoje pytania zgodnie z obowi\u0105zuj\u0105cym prawem.<\/p>\n<p>&nbsp;<\/p>\n<p><strong>RODO \u2013 Klauzula informacyjna<\/strong><\/p>\n<ol>\n<li>Administratorem Pa\u0144stwa danych osobowych jest EXPO-MONT Grzegorz Bogusz, Piotr Bogusz z siedzib\u0105 pod adresem ul. Centralna 57A, 31-586 Krak\u00f3w. Mo\u017cesz skontaktowa\u0107 si\u0119 z nami poprzez e-mail: biuro@expomont.pl.<\/li>\n<li>Twoje dane osobowe b\u0119d\u0105 przetwarzane na podstawie art. 6 ust. 1 lit. a) RODO w celu udzielenia odpowiedzi na zapytania przes\u0142ane za po\u015brednictwem formularza kontaktowego\/bezpo\u015brednio na adresy mailowe expomont.pl;<\/li>\n<li>Twoje dane osobowe b\u0119d\u0105 przetwarzane i przechowywane do momentu wycofania zgody.<\/li>\n<li>Maj\u0105 Pa\u0144stwo prawo do:\n<ol>\n<li>dost\u0119pu do swoich danych osobowych,<\/li>\n<li>\u017c\u0105dania sprostowania, usuni\u0119cia lub ograniczenia przetwarzania swoich danych,<\/li>\n<li>sprzeciwu wobec przetwarzania swoich danych osobowych,<\/li>\n<li>wycofania zgody w dowolnym momencie, co nie wp\u0142ynie na zgodno\u015b\u0107 z prawem przetwarzania dokonanego przed wycofaniem zgody,<\/li>\n<li>\u017c\u0105dania przeniesienia danych, je\u015bli ma to zastosowanie.<\/li>\n<\/ol>\n<\/li>\n<li>Pa\u0144stwa dane osobowe nie b\u0119d\u0105 udost\u0119pniane osobom trzecim, z wyj\u0105tkiem przypadk\u00f3w wymaganych przez prawo lub niezb\u0119dnych partner\u00f3w technologicznych.<\/li>\n<li>Je\u015bli uwa\u017casz, \u017ce Twoje dane osobowe s\u0105 przetwarzane z naruszeniem przepis\u00f3w RODO, masz prawo z\u0142o\u017cy\u0107 skarg\u0119 do Prezesa Urz\u0119du Ochrony Danych Osobowych w Polsce.<\/li>\n<\/ol>\n<p>W przypadku jakichkolwiek pyta\u0144 dotycz\u0105cych przetwarzania danych prosimy o kontakt pod adresem biuro@expomont.pl<\/p>\n<\/div>\n<\/div>\n<\/div>\n<\/div>\n<\/div>","protected":false},"excerpt":{"rendered":"<p>Ostatnia aktualizacja 01-Maj-2025&nbsp; Niniejsza Polityka prywatno\u015bci opisuje zasady dotycz\u0105ce gromadzenia, wykorzystywania i ujawniania informacji, kt\u00f3re zbieramy podczas korzystania z naszej strony internetowej ( https:\/\/expomont.pl ). (\u201eUs\u0142uga\u201d). Korzystaj\u0105c z Us\u0142ugi, wyra\u017casz zgod\u0119 na gromadzenie, wykorzystywanie i ujawnianie swoich danych zgodnie z<\/p>","protected":false},"author":1,"featured_media":0,"parent":0,"menu_order":0,"comment_status":"closed","ping_status":"open","template":"","meta":{"ngg_post_thumbnail":0},"yoast_head":"<!-- This site is optimized with the Yoast SEO plugin v16.1.1 - https:\/\/yoast.com\/wordpress\/plugins\/seo\/ -->\n<title>Polityka prywatno\u015bci &middot; EXPO-MONT<\/title>\n<link rel=\"canonical\" href=\"https:\/\/expomont.pl\/en\/polityka-prywatnosci\/\" \/>\n<meta property=\"og:locale\" content=\"en_GB\" \/>\n<meta property=\"og:type\" content=\"article\" \/>\n<meta property=\"og:title\" content=\"Polityka prywatno\u015bci &middot; EXPO-MONT\" \/>\n<meta property=\"og:description\" content=\"Ostatnia aktualizacja 01-Maj-2025&nbsp; Niniejsza Polityka prywatno\u015bci opisuje zasady dotycz\u0105ce gromadzenia, wykorzystywania i ujawniania informacji, kt\u00f3re zbieramy podczas korzystania z naszej strony internetowej ( https:\/\/expomont.pl ). (\u201eUs\u0142uga\u201d). Korzystaj\u0105c z Us\u0142ugi, wyra\u017casz zgod\u0119 na gromadzenie, wykorzystywanie i ujawnianie swoich danych zgodnie z\" \/>\n<meta property=\"og:url\" content=\"https:\/\/expomont.pl\/en\/polityka-prywatnosci\/\" \/>\n<meta property=\"og:site_name\" content=\"EXPO-MONT\" \/>\n<meta property=\"article:modified_time\" content=\"2025-09-27T08:07:12+00:00\" \/>\n<meta name=\"twitter:card\" content=\"summary_large_image\" \/>\n<meta name=\"twitter:label1\" content=\"Estimated reading time\">\n\t<meta name=\"twitter:data1\" content=\"5 minutes\">\n<script type=\"application\/ld+json\" class=\"yoast-schema-graph\">{\"@context\":\"https:\/\/schema.org\",\"@graph\":[{\"@type\":\"Organization\",\"@id\":\"https:\/\/expomont.pl\/#organization\",\"name\":\"EXPO-MONT Grzegorz Bogusz, Piotr Bogusz\",\"url\":\"https:\/\/expomont.pl\/\",\"sameAs\":[],\"logo\":{\"@type\":\"ImageObject\",\"@id\":\"https:\/\/expomont.pl\/#logo\",\"inLanguage\":\"en-GB\",\"url\":\"https:\/\/expomont.pl\/wp-content\/uploads\/2020\/05\/Logo_Expomont_150px_LOGO-DARK.png\",\"contentUrl\":\"https:\/\/expomont.pl\/wp-content\/uploads\/2020\/05\/Logo_Expomont_150px_LOGO-DARK.png\",\"width\":401,\"height\":131,\"caption\":\"EXPO-MONT Grzegorz Bogusz, Piotr Bogusz\"},\"image\":{\"@id\":\"https:\/\/expomont.pl\/#logo\"}},{\"@type\":\"WebSite\",\"@id\":\"https:\/\/expomont.pl\/#website\",\"url\":\"https:\/\/expomont.pl\/\",\"name\":\"EXPO-MONT\",\"description\":\"Standardowa zabudowa targowa, indywidualne stoiska targowe, szatnie i inne! Dzia\\u0142amy na terenie ca\\u0142ej Polski. 25 lat do\\u015bwiadczenia w bran\\u017cy!\",\"publisher\":{\"@id\":\"https:\/\/expomont.pl\/#organization\"},\"potentialAction\":[{\"@type\":\"SearchAction\",\"target\":\"https:\/\/expomont.pl\/?s={search_term_string}\",\"query-input\":\"required name=search_term_string\"}],\"inLanguage\":\"en-GB\"},{\"@type\":\"WebPage\",\"@id\":\"https:\/\/expomont.pl\/polityka-prywatnosci\/#webpage\",\"url\":\"https:\/\/expomont.pl\/polityka-prywatnosci\/\",\"name\":\"Polityka prywatno\\u015bci &middot; EXPO-MONT\",\"isPartOf\":{\"@id\":\"https:\/\/expomont.pl\/#website\"},\"datePublished\":\"2025-05-01T18:36:07+00:00\",\"dateModified\":\"2025-09-27T08:07:12+00:00\",\"breadcrumb\":{\"@id\":\"https:\/\/expomont.pl\/polityka-prywatnosci\/#breadcrumb\"},\"inLanguage\":\"en-GB\",\"potentialAction\":[{\"@type\":\"ReadAction\",\"target\":[\"https:\/\/expomont.pl\/polityka-prywatnosci\/\"]}]},{\"@type\":\"BreadcrumbList\",\"@id\":\"https:\/\/expomont.pl\/polityka-prywatnosci\/#breadcrumb\",\"itemListElement\":[{\"@type\":\"ListItem\",\"position\":1,\"item\":{\"@type\":\"WebPage\",\"@id\":\"https:\/\/expomont.pl\/\",\"url\":\"https:\/\/expomont.pl\/\",\"name\":\"Strona g\\u0142\\u00f3wna\"}},{\"@type\":\"ListItem\",\"position\":2,\"item\":{\"@type\":\"WebPage\",\"@id\":\"https:\/\/expomont.pl\/polityka-prywatnosci\/\",\"url\":\"https:\/\/expomont.pl\/polityka-prywatnosci\/\",\"name\":\"Polityka prywatno\\u015bci\"}}]}]}<\/script>\n<!-- \/ Yoast SEO plugin. -->","_links":{"self":[{"href":"https:\/\/expomont.pl\/en\/wp-json\/wp\/v2\/pages\/3"}],"collection":[{"href":"https:\/\/expomont.pl\/en\/wp-json\/wp\/v2\/pages"}],"about":[{"href":"https:\/\/expomont.pl\/en\/wp-json\/wp\/v2\/types\/page"}],"author":[{"embeddable":true,"href":"https:\/\/expomont.pl\/en\/wp-json\/wp\/v2\/users\/1"}],"replies":[{"embeddable":true,"href":"https:\/\/expomont.pl\/en\/wp-json\/wp\/v2\/comments?post=3"}],"version-history":[{"count":2,"href":"https:\/\/expomont.pl\/en\/wp-json\/wp\/v2\/pages\/3\/revisions"}],"predecessor-version":[{"id":907,"href":"https:\/\/expomont.pl\/en\/wp-json\/wp\/v2\/pages\/3\/revisions\/907"}],"wp:attachment":[{"href":"https:\/\/expomont.pl\/en\/wp-json\/wp\/v2\/media?parent=3"}],"curies":[{"name":"wp","href":"https:\/\/api.w.org\/{rel}","templated":true}]}}